{"id":227693,"date":"2021-03-18T17:46:18","date_gmt":"2021-03-18T17:46:18","guid":{"rendered":"https:\/\/saraburguet.com\/accueil\/"},"modified":"2026-03-31T16:17:52","modified_gmt":"2026-03-31T16:17:52","slug":"accueil","status":"publish","type":"page","link":"https:\/\/saraburguet.com\/fr\/","title":{"rendered":"Accueil"},"content":{"rendered":"<p>[et_pb_section fb_built=\u00a0\u00bb1&Prime; _builder_version=\u00a0\u00bb4.16&Prime; _module_preset=\u00a0\u00bbdefault\u00a0\u00bb top_divider_color=\u00a0\u00bb#D4F4F0&Prime; bottom_divider_style=\u00a0\u00bbarrow\u00a0\u00bb bottom_divider_color=\u00a0\u00bbRGBA(0,0,0,0)\u00a0\u00bb global_colors_info=\u00a0\u00bb{}\u00a0\u00bb][et_pb_row _builder_version=\u00a0\u00bb4.16&Prime; _module_preset=\u00a0\u00bbdefault\u00a0\u00bb global_colors_info=\u00a0\u00bb{}\u00a0\u00bb][et_pb_column type=\u00a0\u00bb4_4&Prime; _builder_version=\u00a0\u00bb4.16&Prime; _module_preset=\u00a0\u00bbdefault\u00a0\u00bb global_colors_info=\u00a0\u00bb{}\u00a0\u00bb][et_pb_text content_tablet=\u00a0\u00bb\u00a0\u00bb content_phone=\u00a0\u00bb<\/p>\n<h1>Sp\u00e9cialiste en chirurgie mini-invasive<\/h1>\n<p>\u00a0\u00bb content_last_edited=\u00a0\u00bbon|phone\u00a0\u00bb disabled_on=\u00a0\u00bboff|off|off\u00a0\u00bb _builder_version=\u00a0\u00bb4.16&Prime; _module_preset=\u00a0\u00bbdefault\u00a0\u00bb text_text_color=\u00a0\u00bb#54A199&Prime; text_font_size=\u00a0\u00bb14px\u00a0\u00bb header_font=\u00a0\u00bb|300|||||||\u00a0\u00bb header_text_align=\u00a0\u00bbcenter\u00a0\u00bb header_text_color=\u00a0\u00bb#54A199&Prime; header_font_size=\u00a0\u00bb50px\u00a0\u00bb width=\u00a0\u00bb100%\u00a0\u00bb custom_padding=\u00a0\u00bb21px||11px|||\u00a0\u00bb header_font_size_tablet=\u00a0\u00bb\u00a0\u00bb header_font_size_phone=\u00a0\u00bb35px\u00a0\u00bb header_font_size_last_edited=\u00a0\u00bbon|phone\u00a0\u00bb global_colors_info=\u00a0\u00bb{}\u00a0\u00bb header_font_size__hover_enabled=\u00a0\u00bbon|desktop\u00a0\u00bb header_font_size__hover=\u00a0\u00bb50px\u00a0\u00bb]<\/p>\n<h1 style=\"text-align: center;\">Chirurgienne specialiste en Chirurgie Mini-invasive du Rachis<\/h1>\n<p>[\/et_pb_text][\/et_pb_column][\/et_pb_row][et_pb_row _builder_version=\u00a0\u00bb4.16&Prime; _module_preset=\u00a0\u00bbdefault\u00a0\u00bb global_colors_info=\u00a0\u00bb{}\u00a0\u00bb][et_pb_column type=\u00a0\u00bb4_4&Prime; _builder_version=\u00a0\u00bb4.16&Prime; _module_preset=\u00a0\u00bbdefault\u00a0\u00bb transform_scale_linked=\u00a0\u00bboff\u00a0\u00bb animation_style=\u00a0\u00bbfold\u00a0\u00bb global_colors_info=\u00a0\u00bb{}\u00a0\u00bb][et_pb_image src=\u00a0\u00bbhttps:\/\/saraburguet.com\/wp-content\/uploads\/2021\/03\/DEM-MAR21-SARA-BURGUET-5-2500px.jpg\u00a0\u00bb title_text=\u00a0\u00bbDEM-MAR21-SARA-BURGUET-5-2500px\u00a0\u00bb force_fullwidth=\u00a0\u00bbon\u00a0\u00bb _builder_version=\u00a0\u00bb4.16&Prime; _module_preset=\u00a0\u00bbdefault\u00a0\u00bb global_colors_info=\u00a0\u00bb{}\u00a0\u00bb][\/et_pb_image][\/et_pb_column][\/et_pb_row][\/et_pb_section][et_pb_section fb_built=\u00a0\u00bb1&Prime; fullwidth=\u00a0\u00bbon\u00a0\u00bb _builder_version=\u00a0\u00bb4.16&Prime; _module_preset=\u00a0\u00bbdefault\u00a0\u00bb background_color=\u00a0\u00bb#F5F5F5&Prime; custom_margin=\u00a0\u00bb0px||||false|false\u00a0\u00bb custom_padding=\u00a0\u00bb0px||||false|false\u00a0\u00bb global_colors_info=\u00a0\u00bb{}\u00a0\u00bb][et_pb_fullwidth_slider show_arrows=\u00a0\u00bboff\u00a0\u00bb show_pagination=\u00a0\u00bboff\u00a0\u00bb show_image_video_mobile=\u00a0\u00bbon\u00a0\u00bb use_bg_overlay=\u00a0\u00bbon\u00a0\u00bb bg_overlay_color=\u00a0\u00bb#D4F4F0&Prime; use_text_overlay=\u00a0\u00bbon\u00a0\u00bb text_overlay_color=\u00a0\u00bbRGBA(0,0,0,0)\u00a0\u00bb text_border_radius=\u00a0\u00bb0px\u00a0\u00bb arrows_custom_color=\u00a0\u00bb#54A199&Prime; dot_nav_custom_color=\u00a0\u00bb#54A199&Prime; _builder_version=\u00a0\u00bb4.16&Prime; _module_preset=\u00a0\u00bbdefault\u00a0\u00bb header_level=\u00a0\u00bbh1&Prime; header_font=\u00a0\u00bb|300|||||||\u00a0\u00bb header_text_align=\u00a0\u00bbleft\u00a0\u00bb header_text_color=\u00a0\u00bb#FFFFFF\u00a0\u00bb header_font_size=\u00a0\u00bb30px\u00a0\u00bb header_line_height=\u00a0\u00bb1.2em\u00a0\u00bb body_line_height=\u00a0\u00bb1.3em\u00a0\u00bb background_color=\u00a0\u00bb#F5F5F5&Prime; text_orientation=\u00a0\u00bbleft\u00a0\u00bb custom_padding=\u00a0\u00bb76px|||||\u00a0\u00bb link_option_url=\u00a0\u00bbhttps:\/\/saraburguet.com\/servicios\/\u00a0\u00bb header_font_size_tablet=\u00a0\u00bb\u00a0\u00bb header_font_size_phone=\u00a0\u00bb20px\u00a0\u00bb header_font_size_last_edited=\u00a0\u00bbon|phone\u00a0\u00bb global_colors_info=\u00a0\u00bb{}\u00a0\u00bb][et_pb_slide heading=\u00a0\u00bbChirurgie Mini-Invasive (MIS)\u00a0\u00bb button_text=\u00a0\u00bbEn savoir plus sur la MIS\u00a0\u00bb button_link=\u00a0\u00bbhttps:\/\/saraburguet.com\/fr\/chirurgie-mini-invasive\/\u00a0\u00bb image=\u00a0\u00bbhttps:\/\/saraburguet.com\/wp-content\/uploads\/2021\/03\/DEM-MAR21-SARA-BURGUET-6-1200px.jpg\u00a0\u00bb _builder_version=\u00a0\u00bb4.16&Prime; _module_preset=\u00a0\u00bbdefault\u00a0\u00bb header_font=\u00a0\u00bb|300|||||||\u00a0\u00bb header_text_color=\u00a0\u00bb#54A199&Prime; header_font_size=\u00a0\u00bb38px\u00a0\u00bb body_font=\u00a0\u00bb||||||||\u00a0\u00bb body_text_color=\u00a0\u00bb#54A199&Prime; background_color=\u00a0\u00bb#D4F4F0&Prime; background_enable_color=\u00a0\u00bbon\u00a0\u00bb background_color_gradient_direction=\u00a0\u00bb252deg\u00a0\u00bb background_enable_image=\u00a0\u00bboff\u00a0\u00bb background_layout=\u00a0\u00bblight\u00a0\u00bb button_alignment_tablet=\u00a0\u00bb\u00a0\u00bb button_alignment_phone=\u00a0\u00bbcenter\u00a0\u00bb button_alignment_last_edited=\u00a0\u00bbon|phone\u00a0\u00bb global_colors_info=\u00a0\u00bb{}\u00a0\u00bb sticky_transition=\u00a0\u00bbon\u00a0\u00bb]La chirurgie MIS est un ensemble de techniques chirurgicales con\u00e7ues pour r\u00e9soudre les m\u00eames probl\u00e8mes de colonne vert\u00e9brale que la chirurgie conventionnelle, mais avec des l\u00e9sions tissulaires moindres et une r\u00e9duction de l&rsquo;impact de l&rsquo;op\u00e9ration sur l&rsquo;organisme.[\/et_pb_slide][\/et_pb_fullwidth_slider][\/et_pb_section][et_pb_section fb_built=\u00a0\u00bb1&Prime; _builder_version=\u00a0\u00bb4.16&Prime; _module_preset=\u00a0\u00bbdefault\u00a0\u00bb global_colors_info=\u00a0\u00bb{}\u00a0\u00bb][et_pb_row _builder_version=\u00a0\u00bb4.16&Prime; _module_preset=\u00a0\u00bbdefault\u00a0\u00bb global_colors_info=\u00a0\u00bb{}\u00a0\u00bb][et_pb_column type=\u00a0\u00bb4_4&Prime; _builder_version=\u00a0\u00bb4.16&Prime; _module_preset=\u00a0\u00bbdefault\u00a0\u00bb global_colors_info=\u00a0\u00bb{}\u00a0\u00bb][et_pb_cta title=\u00a0\u00bbQuels probl\u00e8mes de colonne traitons-nous ?\u00a0\u00bb button_url=\u00a0\u00bbhttps:\/\/saraburguet.com\/fr\/pathologies-que-nous-traitons\/\u00a0\u00bb button_text=\u00a0\u00bbPathologies\u00a0\u00bb _builder_version=\u00a0\u00bb4.16&Prime; _module_preset=\u00a0\u00bbdefault\u00a0\u00bb header_level=\u00a0\u00bbh1&Prime; header_font=\u00a0\u00bb|300|||||||\u00a0\u00bb header_text_color=\u00a0\u00bb#54A199&Prime; header_font_size=\u00a0\u00bb30px\u00a0\u00bb background_color=\u00a0\u00bb#F5F5F5&Prime; custom_button=\u00a0\u00bbon\u00a0\u00bb button_text_color=\u00a0\u00bb#54A199&Prime; header_font_size_tablet=\u00a0\u00bb\u00a0\u00bb header_font_size_phone=\u00a0\u00bb20px\u00a0\u00bb header_font_size_last_edited=\u00a0\u00bbon|phone\u00a0\u00bb global_colors_info=\u00a0\u00bb{}\u00a0\u00bb][\/et_pb_cta][\/et_pb_column][\/et_pb_row][\/et_pb_section][et_pb_section fb_built=\u00a0\u00bb1&Prime; fullwidth=\u00a0\u00bbon\u00a0\u00bb _builder_version=\u00a0\u00bb4.16&Prime; _module_preset=\u00a0\u00bbdefault\u00a0\u00bb background_color=\u00a0\u00bb#F5F5F5&Prime; custom_margin=\u00a0\u00bb0px||||false|false\u00a0\u00bb custom_padding=\u00a0\u00bb0px||||false|false\u00a0\u00bb global_colors_info=\u00a0\u00bb{}\u00a0\u00bb][et_pb_fullwidth_slider show_arrows=\u00a0\u00bboff\u00a0\u00bb show_pagination=\u00a0\u00bboff\u00a0\u00bb show_image_video_mobile=\u00a0\u00bbon\u00a0\u00bb use_bg_overlay=\u00a0\u00bbon\u00a0\u00bb bg_overlay_color=\u00a0\u00bb#D4F4F0&Prime; use_text_overlay=\u00a0\u00bbon\u00a0\u00bb text_overlay_color=\u00a0\u00bbRGBA(0,0,0,0)\u00a0\u00bb text_border_radius=\u00a0\u00bb0px\u00a0\u00bb arrows_custom_color=\u00a0\u00bb#54A199&Prime; dot_nav_custom_color=\u00a0\u00bb#54A199&Prime; _builder_version=\u00a0\u00bb4.16&Prime; _module_preset=\u00a0\u00bbdefault\u00a0\u00bb header_level=\u00a0\u00bbh1&Prime; header_font=\u00a0\u00bb|300|||||||\u00a0\u00bb header_text_align=\u00a0\u00bbleft\u00a0\u00bb header_text_color=\u00a0\u00bb#FFFFFF\u00a0\u00bb header_font_size=\u00a0\u00bb30px\u00a0\u00bb background_color=\u00a0\u00bb#F5F5F5&Prime; text_orientation=\u00a0\u00bbleft\u00a0\u00bb custom_padding=\u00a0\u00bb76px|||||\u00a0\u00bb link_option_url=\u00a0\u00bbhttps:\/\/saraburguet.com\/servicios\/\u00a0\u00bb header_font_size_tablet=\u00a0\u00bb\u00a0\u00bb header_font_size_phone=\u00a0\u00bb20px\u00a0\u00bb header_font_size_last_edited=\u00a0\u00bbon|phone\u00a0\u00bb border_color_all=\u00a0\u00bb#54A199&Prime; global_colors_info=\u00a0\u00bb{}\u00a0\u00bb][et_pb_slide heading=\u00a0\u00bbCe que je propose\u00a0\u00bb button_text=\u00a0\u00bbServices\u00a0\u00bb button_link=\u00a0\u00bbhttps:\/\/saraburguet.com\/fr\/services\/\u00a0\u00bb image=\u00a0\u00bbhttps:\/\/saraburguet.com\/wp-content\/uploads\/2021\/03\/DEM-MAR21-SARA-BURGUET-1-2500px.jpg\u00a0\u00bb _builder_version=\u00a0\u00bb4.16&Prime; _module_preset=\u00a0\u00bbdefault\u00a0\u00bb header_font=\u00a0\u00bb|300|||||||\u00a0\u00bb header_text_color=\u00a0\u00bb#54A199&Prime; header_font_size=\u00a0\u00bb38px\u00a0\u00bb body_font=\u00a0\u00bb||||||||\u00a0\u00bb body_text_color=\u00a0\u00bb#54A199&Prime; background_color=\u00a0\u00bb#D4F4F0&Prime; background_enable_color=\u00a0\u00bbon\u00a0\u00bb background_color_gradient_direction=\u00a0\u00bb252deg\u00a0\u00bb background_enable_image=\u00a0\u00bboff\u00a0\u00bb background_layout=\u00a0\u00bblight\u00a0\u00bb button_alignment_tablet=\u00a0\u00bb\u00a0\u00bb button_alignment_phone=\u00a0\u00bbcenter\u00a0\u00bb button_alignment_last_edited=\u00a0\u00bbon|phone\u00a0\u00bb global_colors_info=\u00a0\u00bb{}\u00a0\u00bb sticky_transition=\u00a0\u00bbon\u00a0\u00bb]<\/p>\n<ol>\n<li>Diagnostic<\/li>\n<li>Traitement<\/li>\n<li>Interpr\u00e9tation des r\u00e9sultats d&rsquo;examens<\/li>\n<li>Explication compr\u00e9hensible<\/li>\n<li>R\u00e9sultats clairs et r\u00e9alistes<\/li>\n<li>Chirurgie<\/li>\n<li>Postop\u00e9ratoire<\/li>\n<\/ol>\n<p>[\/et_pb_slide][\/et_pb_fullwidth_slider][\/et_pb_section][et_pb_section fb_built=\u00a0\u00bb1&Prime; _builder_version=\u00a0\u00bb4.16&Prime; _module_preset=\u00a0\u00bbdefault\u00a0\u00bb background_color=\u00a0\u00bb#FFFFFF\u00a0\u00bb background_enable_image=\u00a0\u00bboff\u00a0\u00bb min_height_last_edited=\u00a0\u00bboff|desktop\u00a0\u00bb custom_margin=\u00a0\u00bb||-2px|||\u00a0\u00bb custom_padding=\u00a0\u00bb||0px|||\u00a0\u00bb bottom_divider_color=\u00a0\u00bb#F5F5F5&Prime; bottom_divider_height=\u00a0\u00bb30px\u00a0\u00bb locked=\u00a0\u00bboff\u00a0\u00bb global_colors_info=\u00a0\u00bb{}\u00a0\u00bb][et_pb_row _builder_version=\u00a0\u00bb4.16&Prime; _module_preset=\u00a0\u00bbdefault\u00a0\u00bb locked=\u00a0\u00bboff\u00a0\u00bb global_colors_info=\u00a0\u00bb{}\u00a0\u00bb][et_pb_column type=\u00a0\u00bb4_4&Prime; _builder_version=\u00a0\u00bb4.16&Prime; _module_preset=\u00a0\u00bbdefault\u00a0\u00bb global_colors_info=\u00a0\u00bb{}\u00a0\u00bb][et_pb_cta title=\u00a0\u00bbUnit\u00e9 de Pr\u00e9vention de la Fragilit\u00e9 Osseuse\u00a0\u00bb button_url=\u00a0\u00bbhttps:\/\/saraburguet.com\/227188-2\/\u00a0\u00bb button_text=\u00a0\u00bbPlus d&apos;informations\u00a0\u00bb _builder_version=\u00a0\u00bb4.16&Prime; _module_preset=\u00a0\u00bbdefault\u00a0\u00bb header_level=\u00a0\u00bbh1&Prime; header_font=\u00a0\u00bb|300|||||||\u00a0\u00bb header_text_color=\u00a0\u00bb#54A199&Prime; header_font_size=\u00a0\u00bb30px\u00a0\u00bb background_color=\u00a0\u00bb#F5F5F5&Prime; custom_button=\u00a0\u00bbon\u00a0\u00bb button_text_color=\u00a0\u00bb#54A199&Prime; header_font_size_tablet=\u00a0\u00bb\u00a0\u00bb header_font_size_phone=\u00a0\u00bb20px\u00a0\u00bb header_font_size_last_edited=\u00a0\u00bbon|phone\u00a0\u00bb global_colors_info=\u00a0\u00bb{}\u00a0\u00bb][\/et_pb_cta][\/et_pb_column][\/et_pb_row][et_pb_row column_structure=\u00a0\u00bb1_3,1_3,1_3&Prime; _builder_version=\u00a0\u00bb4.16&Prime; _module_preset=\u00a0\u00bbdefault\u00a0\u00bb global_colors_info=\u00a0\u00bb{}\u00a0\u00bb][et_pb_column type=\u00a0\u00bb1_3&Prime; _builder_version=\u00a0\u00bb4.16&Prime; _module_preset=\u00a0\u00bbdefault\u00a0\u00bb global_colors_info=\u00a0\u00bb{}\u00a0\u00bb][et_pb_image src=\u00a0\u00bbhttps:\/\/saraburguet.com\/wp-content\/uploads\/2024\/03\/logo-imed-colon-blanco.png\u00a0\u00bb title_text=\u00a0\u00bblogo-imed-colon-blanco\u00a0\u00bb align=\u00a0\u00bbcenter\u00a0\u00bb _builder_version=\u00a0\u00bb4.16&Prime; _module_preset=\u00a0\u00bbdefault\u00a0\u00bb width=\u00a0\u00bb47%\u00a0\u00bb global_colors_info=\u00a0\u00bb{}\u00a0\u00bb][\/et_pb_image][\/et_pb_column][et_pb_column type=\u00a0\u00bb1_3&Prime; _builder_version=\u00a0\u00bb4.16&Prime; _module_preset=\u00a0\u00bbdefault\u00a0\u00bb global_colors_info=\u00a0\u00bb{}\u00a0\u00bb][et_pb_image src=\u00a0\u00bbhttps:\/\/saraburguet.com\/wp-content\/uploads\/2024\/01\/logoSECPEC.png\u00a0\u00bb title_text=\u00a0\u00bblogoSECPEC\u00a0\u00bb align=\u00a0\u00bbcenter\u00a0\u00bb _builder_version=\u00a0\u00bb4.16&Prime; _module_preset=\u00a0\u00bbdefault\u00a0\u00bb width=\u00a0\u00bb40%\u00a0\u00bb locked=\u00a0\u00bboff\u00a0\u00bb global_colors_info=\u00a0\u00bb{}\u00a0\u00bb][\/et_pb_image][\/et_pb_column][et_pb_column type=\u00a0\u00bb1_3&Prime; _builder_version=\u00a0\u00bb4.16&Prime; _module_preset=\u00a0\u00bbdefault\u00a0\u00bb global_colors_info=\u00a0\u00bb{}\u00a0\u00bb][et_pb_image src=\u00a0\u00bbhttps:\/\/saraburguet.com\/wp-content\/uploads\/2024\/01\/I-Congreso-SEMISS-SECPEC.-Madrid-2023-1.png\u00a0\u00bb title_text=\u00a0\u00bbI Congreso SEMISS-SECPEC. Madrid 2023-1 \u00a0\u00bb align=\u00a0\u00bbcenter\u00a0\u00bb _builder_version=\u00a0\u00bb4.16&Prime; _module_preset=\u00a0\u00bbdefault\u00a0\u00bb width=\u00a0\u00bb70%\u00a0\u00bb locked=\u00a0\u00bboff\u00a0\u00bb global_colors_info=\u00a0\u00bb{}\u00a0\u00bb][\/et_pb_image][\/et_pb_column][\/et_pb_row][\/et_pb_section][et_pb_section fb_built=\u00a0\u00bb1&Prime; _builder_version=\u00a0\u00bb4.16&Prime; _module_preset=\u00a0\u00bbdefault\u00a0\u00bb background_color=\u00a0\u00bb#FFFFFF\u00a0\u00bb background_enable_image=\u00a0\u00bboff\u00a0\u00bb min_height_last_edited=\u00a0\u00bboff|desktop\u00a0\u00bb custom_margin=\u00a0\u00bb||-2px|||\u00a0\u00bb custom_padding=\u00a0\u00bb||0px|||\u00a0\u00bb bottom_divider_style=\u00a0\u00bbarrow3&Prime; bottom_divider_color=\u00a0\u00bb#F5F5F5&Prime; bottom_divider_height=\u00a0\u00bb30px\u00a0\u00bb locked=\u00a0\u00bboff\u00a0\u00bb global_colors_info=\u00a0\u00bb{}\u00a0\u00bb][et_pb_row column_structure=\u00a0\u00bb1_5,1_5,1_5,1_5,1_5&Prime; disabled_on=\u00a0\u00bbon|on|off\u00a0\u00bb _builder_version=\u00a0\u00bb4.16&Prime; _module_preset=\u00a0\u00bbdefault\u00a0\u00bb locked=\u00a0\u00bboff\u00a0\u00bb global_colors_info=\u00a0\u00bb{}\u00a0\u00bb][et_pb_column type=\u00a0\u00bb1_5&Prime; _builder_version=\u00a0\u00bb4.16&Prime; _module_preset=\u00a0\u00bbdefault\u00a0\u00bb global_colors_info=\u00a0\u00bb{}\u00a0\u00bb][\/et_pb_column][et_pb_column type=\u00a0\u00bb1_5&Prime; _builder_version=\u00a0\u00bb4.16&Prime; _module_preset=\u00a0\u00bbdefault\u00a0\u00bb global_colors_info=\u00a0\u00bb{}\u00a0\u00bb][\/et_pb_column][et_pb_column type=\u00a0\u00bb1_5&Prime; _builder_version=\u00a0\u00bb4.16&Prime; _module_preset=\u00a0\u00bbdefault\u00a0\u00bb global_colors_info=\u00a0\u00bb{}\u00a0\u00bb][et_pb_image src=\u00a0\u00bbhttps:\/\/saraburguet.com\/wp-content\/uploads\/2021\/01\/icon-copia.png\u00a0\u00bb title_text=\u00a0\u00bbicon copia\u00a0\u00bb _builder_version=\u00a0\u00bb4.16&Prime; _module_preset=\u00a0\u00bbdefault\u00a0\u00bb transform_scale=\u00a0\u00bb50%|50%\u00a0\u00bb global_colors_info=\u00a0\u00bb{}\u00a0\u00bb][\/et_pb_image][\/et_pb_column][et_pb_column type=\u00a0\u00bb1_5&Prime; _builder_version=\u00a0\u00bb4.16&Prime; _module_preset=\u00a0\u00bbdefault\u00a0\u00bb global_colors_info=\u00a0\u00bb{}\u00a0\u00bb][\/et_pb_column][et_pb_column type=\u00a0\u00bb1_5&Prime; _builder_version=\u00a0\u00bb4.16&Prime; _module_preset=\u00a0\u00bbdefault\u00a0\u00bb global_colors_info=\u00a0\u00bb{}\u00a0\u00bb][\/et_pb_column][\/et_pb_row][et_pb_row _builder_version=\u00a0\u00bb4.16&Prime; _module_preset=\u00a0\u00bbdefault\u00a0\u00bb animation_style=\u00a0\u00bbfold\u00a0\u00bb locked=\u00a0\u00bboff\u00a0\u00bb global_colors_info=\u00a0\u00bb{}\u00a0\u00bb][et_pb_column type=\u00a0\u00bb4_4&Prime; _builder_version=\u00a0\u00bb4.16&Prime; _module_preset=\u00a0\u00bbdefault\u00a0\u00bb global_colors_info=\u00a0\u00bb{}\u00a0\u00bb][et_pb_text _builder_version=\u00a0\u00bb4.16&Prime; _module_preset=\u00a0\u00bbdefault\u00a0\u00bb header_font=\u00a0\u00bb|300|||||||\u00a0\u00bb header_2_font=\u00a0\u00bb|300|||||||\u00a0\u00bb header_2_text_align=\u00a0\u00bbleft\u00a0\u00bb header_2_text_color=\u00a0\u00bb#54A199&Prime; header_2_font_size=\u00a0\u00bb36px\u00a0\u00bb global_colors_info=\u00a0\u00bb{}\u00a0\u00bb]<\/p>\n<h2>T\u00e9moignages<\/h2>\n<p>[\/et_pb_text][\/et_pb_column][\/et_pb_row][et_pb_row column_structure=\u00a0\u00bb1_2,1_2&Prime; _builder_version=\u00a0\u00bb4.16&Prime; _module_preset=\u00a0\u00bbdefault\u00a0\u00bb locked=\u00a0\u00bboff\u00a0\u00bb global_colors_info=\u00a0\u00bb{}\u00a0\u00bb][et_pb_column type=\u00a0\u00bb1_2&Prime; _builder_version=\u00a0\u00bb4.16&Prime; _module_preset=\u00a0\u00bbdefault\u00a0\u00bb global_colors_info=\u00a0\u00bb{}\u00a0\u00bb][et_pb_testimonial author=\u00a0\u00bbJuanjo Mestre Galarza\u00a0\u00bb portrait_url=\u00a0\u00bbhttps:\/\/saraburguet.com\/wp-content\/uploads\/2022\/10\/Juanjo-Mestre-Galarza.jpg\u00a0\u00bb quote_icon_color=\u00a0\u00bb#54A199&Prime; quote_icon_background_color=\u00a0\u00bb#FFFFFF\u00a0\u00bb use_icon_font_size=\u00a0\u00bbon\u00a0\u00bb icon_font_size=\u00a0\u00bb40px\u00a0\u00bb _builder_version=\u00a0\u00bb4.16&Prime; _module_preset=\u00a0\u00bbdefault\u00a0\u00bb body_font=\u00a0\u00bb|300|||||||\u00a0\u00bb body_text_color=\u00a0\u00bb#3D3D3B\u00a0\u00bb body_line_height=\u00a0\u00bb1.3em\u00a0\u00bb author_font=\u00a0\u00bb||||||||\u00a0\u00bb author_text_align=\u00a0\u00bbleft\u00a0\u00bb author_text_color=\u00a0\u00bb#3D3D3B\u00a0\u00bb animation_style=\u00a0\u00bbfold\u00a0\u00bb border_width_all_portrait=\u00a0\u00bb3px\u00a0\u00bb border_color_all_portrait=\u00a0\u00bb#54A199&Prime; global_colors_info=\u00a0\u00bb{}\u00a0\u00bb]<\/p>\n<blockquote>\n<p class=\"p1\"><span style=\"color: #333333;\">\u00ab Je suis tr\u00e8s reconnaissant, car trois mois exactement apr\u00e8s mon intervention des vert\u00e8bres, je me sens tr\u00e8s bien.<br \/>\nAdieu les douleurs et je peux enfin dormir d\u2019une traite. \u00bb<\/span><\/p>\n<\/blockquote>\n<p>Je vous partage mon \u00e9volution depuis la chirurgie:<br \/>\nMarche: 321 km<br \/>\nElliptique: 212 km<br \/>\nV\u00e9lo de route: 667 km<br \/>\nCours de v\u00e9lo indoor: 11<br \/>\nS\u00e9ances de gym (force\/r\u00e9sistance): 18<br \/>\nS\u00e9ances de Pilates: 5<br \/>\nS\u00e9ances de yoga: 5[\/et_pb_testimonial][et_pb_testimonial author=\u00a0\u00bbC\u00e9sar Azorin\u00a0\u00bb job_title=\u00a0\u00bbCourse en montagne\u00a0\u00bb portrait_url=\u00a0\u00bbhttps:\/\/saraburguet.com\/wp-content\/uploads\/2021\/02\/corredor1.jpg\u00a0\u00bb quote_icon_color=\u00a0\u00bb#54A199&Prime; quote_icon_background_color=\u00a0\u00bb#FFFFFF\u00a0\u00bb use_icon_font_size=\u00a0\u00bbon\u00a0\u00bb icon_font_size=\u00a0\u00bb40px\u00a0\u00bb _builder_version=\u00a0\u00bb4.16&Prime; _module_preset=\u00a0\u00bbdefault\u00a0\u00bb body_font=\u00a0\u00bb|300|||||||\u00a0\u00bb body_text_color=\u00a0\u00bb#3D3D3B\u00a0\u00bb body_line_height=\u00a0\u00bb1.3em\u00a0\u00bb author_font=\u00a0\u00bb||||||||\u00a0\u00bb author_text_align=\u00a0\u00bbleft\u00a0\u00bb author_text_color=\u00a0\u00bb#3D3D3B\u00a0\u00bb animation_style=\u00a0\u00bbfold\u00a0\u00bb border_width_all_portrait=\u00a0\u00bb3px\u00a0\u00bb border_color_all_portrait=\u00a0\u00bb#54A199&Prime; global_colors_info=\u00a0\u00bb{}\u00a0\u00bb]<\/p>\n<blockquote>\n<p class=\"p1\">En 2017, j\u2019ai subi une perte soudaine de force au niveau du pied \u00e0 la suite d\u2019une sciatique. La docteure m&rsquo;a indiqu\u00e9 que le probl\u00e8me \u00e9tait une hernie discale et m&rsquo;a conseill\u00e9 l&rsquo;op\u00e9ration. Un mois et demi apr\u00e8s l\u2019intervention, lors de la visite de contr\u00f4le, nous avons vu que le nerf avait des chances de r\u00e9cup\u00e9ration ; je lui ai alors demand\u00e9 si je pourrais un jour courir de nouveau en montagne, ce \u00e0 quoi elle m\u2019a r\u00e9pondu par un \u00ab\u00a0OUI\u00a0\u00bb cat\u00e9gorique. D\u00e8s la sortie de la consultation, j&rsquo;ai cru \u00e0 100 % en ses paroles et j&rsquo;ai entam\u00e9 un processus de r\u00e9\u00e9ducation exhaustif et un entra\u00eenement intensif. En 2019, j&rsquo;ai couru la \u00ab\u00a0Marat\u00f3 dels Dements\u00a0\u00bb : 42 km avec 3900 m\u00e8tres de d\u00e9nivel\u00e9 positif. Je suis tr\u00e8s reconnaissant d\u2019\u00eatre all\u00e9 \u00e0 sa consultation car, apr\u00e8s une telle blessure, on m\u2019aurait probablement d\u00e9conseill\u00e9 de reprendre la comp\u00e9tition, et pourtant, je peux aujourd&rsquo;hui continuer \u00e0 profiter de ma passion.\u00a0\u00bb    <\/p>\n<\/blockquote>\n<p>[\/et_pb_testimonial][et_pb_testimonial author=\u00a0\u00bbSoledad Berto\u00a0\u00bb job_title=\u00a0\u00bbNageuse Paralympique\u00a0\u00bb portrait_url=\u00a0\u00bbhttps:\/\/saraburguet.com\/wp-content\/uploads\/2021\/03\/Captura-de-pantalla-2021-03-11-a-las-14.44.06.png\u00a0\u00bb quote_icon_color=\u00a0\u00bb#54A199&Prime; quote_icon_background_color=\u00a0\u00bb#FFFFFF\u00a0\u00bb use_icon_font_size=\u00a0\u00bbon\u00a0\u00bb icon_font_size=\u00a0\u00bb40px\u00a0\u00bb _builder_version=\u00a0\u00bb4.16&Prime; _module_preset=\u00a0\u00bbdefault\u00a0\u00bb body_font=\u00a0\u00bb|300|||||||\u00a0\u00bb body_text_color=\u00a0\u00bb#3D3D3B\u00a0\u00bb body_line_height=\u00a0\u00bb1.3em\u00a0\u00bb author_font=\u00a0\u00bb||||||||\u00a0\u00bb author_text_align=\u00a0\u00bbleft\u00a0\u00bb author_text_color=\u00a0\u00bb#3D3D3B\u00a0\u00bb animation_style=\u00a0\u00bbfold\u00a0\u00bb border_width_all_portrait=\u00a0\u00bb3px\u00a0\u00bb border_color_all_portrait=\u00a0\u00bb#54A199&Prime; global_colors_info=\u00a0\u00bb{}\u00a0\u00bb]<\/p>\n<blockquote><div style=\"width: 640px;\" class=\"wp-video\"><video class=\"wp-video-shortcode\" id=\"video-227693-1\" width=\"640\" height=\"352\" preload=\"metadata\" controls=\"controls\"><source type=\"video\/mp4\" src=\"https:\/\/saraburguet.com\/wp-content\/uploads\/2021\/03\/5c95667d-4bd9-45ca-a76a-d4b59d27a5b1.mp4?_=1\" \/><a href=\"https:\/\/saraburguet.com\/wp-content\/uploads\/2021\/03\/5c95667d-4bd9-45ca-a76a-d4b59d27a5b1.mp4\">https:\/\/saraburguet.com\/wp-content\/uploads\/2021\/03\/5c95667d-4bd9-45ca-a76a-d4b59d27a5b1.mp4<\/a><\/video><\/div><\/blockquote>\n<p>Sole est une femme de 50 ans atteinte de trisomie 21. Tr\u00e8s sportive, elle adore la natation et a particip\u00e9 aux Jeux Paralympiques de 1992. En 2020, elle a subi une chute et une fracture vert\u00e9brale qui l&#8217;emp\u00eachait de marcher \u00e0 cause de la douleur. Apr\u00e8s une chirurgie de reconstruction de la fracture par technique mini-invasive, Sole a pu reprendre la natation.[\/et_pb_testimonial][et_pb_testimonial author=\u00a0\u00bbPaciente operada mediante artrodesis lumbar minimamente invasiva\u00a0\u00bb portrait_url=\u00a0\u00bbhttps:\/\/saraburguet.com\/wp-content\/uploads\/2026\/03\/Captura-de-pantalla-2026-03-31-a-las-17.56.50.png\u00a0\u00bb quote_icon_color=\u00a0\u00bb#54A199&Prime; quote_icon_background_color=\u00a0\u00bb#FFFFFF\u00a0\u00bb use_icon_font_size=\u00a0\u00bbon\u00a0\u00bb icon_font_size=\u00a0\u00bb40px\u00a0\u00bb _builder_version=\u00a0\u00bb4.27.4&Prime; _module_preset=\u00a0\u00bbdefault\u00a0\u00bb body_font=\u00a0\u00bb|300|||||||\u00a0\u00bb body_text_color=\u00a0\u00bb#3D3D3B\u00a0\u00bb body_line_height=\u00a0\u00bb1.3em\u00a0\u00bb author_font=\u00a0\u00bb||||||||\u00a0\u00bb author_text_align=\u00a0\u00bbleft\u00a0\u00bb author_text_color=\u00a0\u00bb#3D3D3B\u00a0\u00bb animation_style=\u00a0\u00bbfold\u00a0\u00bb hover_enabled=\u00a0\u00bb0&Prime; border_width_all_portrait=\u00a0\u00bb3px\u00a0\u00bb border_color_all_portrait=\u00a0\u00bb#54A199&Prime; global_colors_info=\u00a0\u00bb{}\u00a0\u00bb sticky_enabled=\u00a0\u00bb0&Prime;]<\/p>\n<blockquote><p><span style=\"color: #1f1f1f;\"><span>\u00ab\u00a0Me gustar\u00eda dar las gracias a la Dra. Burguet por darme una segunda oportunidad tras meses de mucha incertidumbre. Gracias por su empat\u00eda desde la primera visita y por agilizar todo el proceso. Destaco especialmente su calidad humana: estar a mi lado en los momentos dif\u00edciles, transmitirme tranquilidad y priorizar siempre mi seguridad. Espero que siga ejerciendo con esa pasi\u00f3n y ayudando a tantos otros como lo hizo conmigo.\u00a0\u00bb<\/span><\/span><\/p><\/blockquote>\n<div style=\"width: 640px;\" class=\"wp-video\"><video class=\"wp-video-shortcode\" id=\"video-227693-2\" width=\"640\" height=\"352\" preload=\"metadata\" controls=\"controls\"><source type=\"video\/mp4\" src=\"https:\/\/saraburguet.com\/wp-content\/uploads\/2026\/03\/IMG_8157.mp4?_=2\" \/><a href=\"https:\/\/saraburguet.com\/wp-content\/uploads\/2026\/03\/IMG_8157.mp4\">https:\/\/saraburguet.com\/wp-content\/uploads\/2026\/03\/IMG_8157.mp4<\/a><\/video><\/div>\n<p>&nbsp;[\/et_pb_testimonial][\/et_pb_column][et_pb_column type=\u00a0\u00bb1_2&Prime; _builder_version=\u00a0\u00bb4.16&Prime; _module_preset=\u00a0\u00bbdefault\u00a0\u00bb global_colors_info=\u00a0\u00bb{}\u00a0\u00bb][et_pb_testimonial author=\u00a0\u00bbMarko Majkic\u00a0\u00bb job_title=\u00a0\u00bbMotorista\u00a0\u00bb portrait_url=\u00a0\u00bbhttps:\/\/saraburguet.com\/wp-content\/uploads\/2021\/03\/2GS_1824-scaled.jpg\u00a0\u00bb quote_icon_color=\u00a0\u00bb#54A199&Prime; quote_icon_background_color=\u00a0\u00bb#FFFFFF\u00a0\u00bb use_icon_font_size=\u00a0\u00bbon\u00a0\u00bb icon_font_size=\u00a0\u00bb40px\u00a0\u00bb _builder_version=\u00a0\u00bb4.16&Prime; _module_preset=\u00a0\u00bbdefault\u00a0\u00bb body_font=\u00a0\u00bb|300|||||||\u00a0\u00bb body_text_color=\u00a0\u00bb#3D3D3B\u00a0\u00bb body_line_height=\u00a0\u00bb1.3em\u00a0\u00bb author_font=\u00a0\u00bb||||||||\u00a0\u00bb author_text_align=\u00a0\u00bbleft\u00a0\u00bb author_text_color=\u00a0\u00bb#3D3D3B\u00a0\u00bb animation_style=\u00a0\u00bbfold\u00a0\u00bb border_width_all_portrait=\u00a0\u00bb3px\u00a0\u00bb border_color_all_portrait=\u00a0\u00bb#54A199&Prime; global_colors_info=\u00a0\u00bb{}\u00a0\u00bb]<\/p>\n<blockquote><p><i>\u201c I own you a big thank you for your surgery as a week after I was already back to proper functioning, a bit of pain but nothing that it\u2019s not manageable <\/i><span class=\"s2\">\ud83d\ude0a<\/span><i>\u201d<\/i><\/p><\/blockquote>\n<p>Marko Majkic a \u00e9t\u00e9 victime d&rsquo;un accident de moto sur le circuit de Cheste, entra\u00eenant une fracture vert\u00e9brale. Une fixation percutan\u00e9e a \u00e9t\u00e9 r\u00e9alis\u00e9e via de petites incisions et, moins d&rsquo;une semaine apr\u00e8s l&rsquo;intervention, il a pu prendre l&rsquo;avion pour retourner au Luxembourg. Il est revenu \u00e0 Valence 9 mois plus tard pour le retrait du mat\u00e9riel. Il a pu reprendre la moto en moins de 3 mois.[\/et_pb_testimonial][et_pb_testimonial author=\u00a0\u00bbMario Serrano\u00a0\u00bb job_title=\u00a0\u00bbJoueur de Padel\u00a0\u00bb portrait_url=\u00a0\u00bbhttps:\/\/saraburguet.com\/wp-content\/uploads\/2021\/03\/Foto-padel-Mario.jpg\u00a0\u00bb quote_icon_color=\u00a0\u00bb#54A199&Prime; quote_icon_background_color=\u00a0\u00bb#FFFFFF\u00a0\u00bb use_icon_font_size=\u00a0\u00bbon\u00a0\u00bb icon_font_size=\u00a0\u00bb40px\u00a0\u00bb _builder_version=\u00a0\u00bb4.16&Prime; _module_preset=\u00a0\u00bbdefault\u00a0\u00bb body_font=\u00a0\u00bb|300|||||||\u00a0\u00bb body_text_color=\u00a0\u00bb#3D3D3B\u00a0\u00bb body_line_height=\u00a0\u00bb1.3em\u00a0\u00bb author_font=\u00a0\u00bb||||||||\u00a0\u00bb author_text_align=\u00a0\u00bbleft\u00a0\u00bb author_text_color=\u00a0\u00bb#3D3D3B\u00a0\u00bb animation_style=\u00a0\u00bbfold\u00a0\u00bb border_width_all_portrait=\u00a0\u00bb3px\u00a0\u00bb border_color_all_portrait=\u00a0\u00bb#54A199&Prime; global_colors_info=\u00a0\u00bb{}\u00a0\u00bb]<span style=\"color: #333333;\">Cuando uno se opera de la espalda, le surgen muchas dudas ya que, se oyen tantas cosas\u2026 y que la espalda quede perfecta es de vital importancia para tener una buena calidad de vida en el d\u00eda a d\u00eda, ahora bien, desde la primera visita con la doctora tuve plena seguridad y confianza, y el resultado de la operaci\u00f3n no ha hecho m\u00e1s que confirmarlo. Gracias Sara por tu buen hacer, \u201ctus buenas manos\u201d, y tambi\u00e9n porque no, por tu trato cercano y accesibilidad. Hace 3 meses me parec\u00eda incre\u00edble volver a poder jugar a p\u00e1del y ya ves\u2026  <\/span>[\/et_pb_testimonial][et_pb_testimonial author=\u00a0\u00bbVictoria\u00a0\u00bb job_title=\u00a0\u00bb70 ans\u00a0\u00bb portrait_url=\u00a0\u00bbhttps:\/\/saraburguet.com\/wp-content\/uploads\/2021\/12\/Captura-de-pantalla-2021-12-02-a-las-12.12.59.png\u00a0\u00bb quote_icon_color=\u00a0\u00bb#54A199&Prime; quote_icon_background_color=\u00a0\u00bb#FFFFFF\u00a0\u00bb use_icon_font_size=\u00a0\u00bbon\u00a0\u00bb icon_font_size=\u00a0\u00bb40px\u00a0\u00bb _builder_version=\u00a0\u00bb4.27.4&Prime; _module_preset=\u00a0\u00bbdefault\u00a0\u00bb body_font=\u00a0\u00bb|300|||||||\u00a0\u00bb body_text_color=\u00a0\u00bb#3D3D3B\u00a0\u00bb body_line_height=\u00a0\u00bb1.3em\u00a0\u00bb author_font=\u00a0\u00bb||||||||\u00a0\u00bb author_text_align=\u00a0\u00bbleft\u00a0\u00bb author_text_color=\u00a0\u00bb#3D3D3B\u00a0\u00bb animation_style=\u00a0\u00bbfold\u00a0\u00bb border_width_all_portrait=\u00a0\u00bb3px\u00a0\u00bb border_color_all_portrait=\u00a0\u00bb#54A199&Prime; locked=\u00a0\u00bboff\u00a0\u00bb global_colors_info=\u00a0\u00bb{}\u00a0\u00bb]<\/p>\n<p>Victoria, 70 ans, nous explique pourquoi elle a d\u00e9cid\u00e9 de venir consulter au sein de l&rsquo;unit\u00e9 de pr\u00e9vention de la fragilit\u00e9 osseuse.<\/p>\n<div style=\"width: 352px;\" class=\"wp-video\"><video class=\"wp-video-shortcode\" id=\"video-227693-3\" width=\"352\" height=\"320\" preload=\"metadata\" controls=\"controls\"><source type=\"video\/mp4\" src=\"https:\/\/saraburguet.com\/wp-content\/uploads\/2021\/12\/Victoria.mp4?_=3\" \/><a href=\"https:\/\/saraburguet.com\/wp-content\/uploads\/2021\/12\/Victoria.mp4\">https:\/\/saraburguet.com\/wp-content\/uploads\/2021\/12\/Victoria.mp4<\/a><\/video><\/div>\n<p>&nbsp;<\/p>\n<p>[\/et_pb_testimonial][et_pb_testimonial author=\u00a0\u00bbJorge Rozalen\u00a0\u00bb portrait_url=\u00a0\u00bbhttps:\/\/saraburguet.com\/wp-content\/uploads\/2026\/03\/Captura-de-pantalla-2026-03-31-a-las-17.47.37.png\u00a0\u00bb quote_icon_color=\u00a0\u00bb#54A199&Prime; quote_icon_background_color=\u00a0\u00bb#FFFFFF\u00a0\u00bb use_icon_font_size=\u00a0\u00bbon\u00a0\u00bb icon_font_size=\u00a0\u00bb40px\u00a0\u00bb _builder_version=\u00a0\u00bb4.27.4&Prime; _module_preset=\u00a0\u00bbdefault\u00a0\u00bb body_font=\u00a0\u00bb|300|||||||\u00a0\u00bb body_text_color=\u00a0\u00bb#3D3D3B\u00a0\u00bb body_line_height=\u00a0\u00bb1.3em\u00a0\u00bb author_font=\u00a0\u00bb||||||||\u00a0\u00bb author_text_align=\u00a0\u00bbleft\u00a0\u00bb author_text_color=\u00a0\u00bb#3D3D3B\u00a0\u00bb animation_style=\u00a0\u00bbfold\u00a0\u00bb border_width_all_portrait=\u00a0\u00bb3px\u00a0\u00bb border_color_all_portrait=\u00a0\u00bb#54A199&Prime; locked=\u00a0\u00bboff\u00a0\u00bb global_colors_info=\u00a0\u00bb{}\u00a0\u00bb]<\/p>\n<blockquote>\n<p>Merci \u00e0 la Dre Burguet pour son empathie, sa rapidit\u00e9 et, surtout, pour sa pr\u00e9sence rassurante au moment o\u00f9 j\u2019en avais le plus besoin. Une professionnelle qui fait de la s\u00e9curit\u00e9 du patient sa priorit\u00e9 et qui exerce avec une grande fiert\u00e9 et passion.<\/p>\n<\/blockquote>\n<div style=\"width: 352px;\" class=\"wp-video\"><video class=\"wp-video-shortcode\" id=\"video-227693-4\" width=\"352\" height=\"320\" preload=\"metadata\" controls=\"controls\"><source type=\"video\/mp4\" src=\"https:\/\/saraburguet.com\/wp-content\/uploads\/2026\/03\/0c54691b-0251-48d3-afea-9c6c9f4fc8e0.mp4?_=4\" \/><a href=\"https:\/\/saraburguet.com\/wp-content\/uploads\/2026\/03\/0c54691b-0251-48d3-afea-9c6c9f4fc8e0.mp4\">https:\/\/saraburguet.com\/wp-content\/uploads\/2026\/03\/0c54691b-0251-48d3-afea-9c6c9f4fc8e0.mp4<\/a><\/video><\/div>\n<p>[\/et_pb_testimonial][et_pb_testimonial author=\u00a0\u00bbPatiente op\u00e9r\u00e9e d\u2019une st\u00e9nose du canal lombaire \u00e0 deux niveaux par endoscopie\u00a0\u00bb portrait_url=\u00a0\u00bbhttps:\/\/saraburguet.com\/wp-content\/uploads\/2026\/03\/Captura-de-pantalla-2026-03-31-a-las-18.11.54.png\u00a0\u00bb quote_icon_color=\u00a0\u00bb#54A199&Prime; quote_icon_background_color=\u00a0\u00bb#FFFFFF\u00a0\u00bb use_icon_font_size=\u00a0\u00bbon\u00a0\u00bb icon_font_size=\u00a0\u00bb40px\u00a0\u00bb _builder_version=\u00a0\u00bb4.27.4&Prime; _module_preset=\u00a0\u00bbdefault\u00a0\u00bb body_font=\u00a0\u00bb|300|||||||\u00a0\u00bb body_text_color=\u00a0\u00bb#3D3D3B\u00a0\u00bb body_line_height=\u00a0\u00bb1.3em\u00a0\u00bb author_font=\u00a0\u00bb||||||||\u00a0\u00bb author_text_align=\u00a0\u00bbleft\u00a0\u00bb author_text_color=\u00a0\u00bb#3D3D3B\u00a0\u00bb animation_style=\u00a0\u00bbfold\u00a0\u00bb hover_enabled=\u00a0\u00bb0&Prime; border_width_all_portrait=\u00a0\u00bb3px\u00a0\u00bb border_color_all_portrait=\u00a0\u00bb#54A199&Prime; locked=\u00a0\u00bboff\u00a0\u00bb global_colors_info=\u00a0\u00bb{}\u00a0\u00bb sticky_enabled=\u00a0\u00bb0&Prime; title_text=\u00a0\u00bbCaptura de pantalla 2026-03-31 a las 18.11.54&Prime;]<\/p>\n<div style=\"width: 352px;\" class=\"wp-video\"><video class=\"wp-video-shortcode\" id=\"video-227693-5\" width=\"352\" height=\"320\" preload=\"metadata\" controls=\"controls\"><source type=\"video\/mp4\" src=\"https:\/\/saraburguet.com\/wp-content\/uploads\/2026\/03\/IMG_8946.mp4?_=5\" \/><a href=\"https:\/\/saraburguet.com\/wp-content\/uploads\/2026\/03\/IMG_8946.mp4\">https:\/\/saraburguet.com\/wp-content\/uploads\/2026\/03\/IMG_8946.mp4<\/a><\/video><\/div>\n<p>[\/et_pb_testimonial][\/et_pb_column][\/et_pb_row][et_pb_row column_structure=\u00a0\u00bb1_5,1_5,1_5,1_5,1_5&Prime; _builder_version=\u00a0\u00bb4.16&Prime; _module_preset=\u00a0\u00bbdefault\u00a0\u00bb locked=\u00a0\u00bboff\u00a0\u00bb global_colors_info=\u00a0\u00bb{}\u00a0\u00bb][et_pb_column type=\u00a0\u00bb1_5&Prime; _builder_version=\u00a0\u00bb4.16&Prime; _module_preset=\u00a0\u00bbdefault\u00a0\u00bb global_colors_info=\u00a0\u00bb{}\u00a0\u00bb][\/et_pb_column][et_pb_column type=\u00a0\u00bb1_5&Prime; _builder_version=\u00a0\u00bb4.16&Prime; _module_preset=\u00a0\u00bbdefault\u00a0\u00bb global_colors_info=\u00a0\u00bb{}\u00a0\u00bb][\/et_pb_column][et_pb_column type=\u00a0\u00bb1_5&Prime; _builder_version=\u00a0\u00bb4.16&Prime; _module_preset=\u00a0\u00bbdefault\u00a0\u00bb global_colors_info=\u00a0\u00bb{}\u00a0\u00bb][et_pb_image src=\u00a0\u00bbhttps:\/\/saraburguet.com\/wp-content\/uploads\/2021\/01\/icon-copia.png\u00a0\u00bb title_text=\u00a0\u00bbicon copia\u00a0\u00bb _builder_version=\u00a0\u00bb4.16&Prime; _module_preset=\u00a0\u00bbdefault\u00a0\u00bb transform_scale=\u00a0\u00bb50%|50%\u00a0\u00bb global_colors_info=\u00a0\u00bb{}\u00a0\u00bb][\/et_pb_image][\/et_pb_column][et_pb_column type=\u00a0\u00bb1_5&Prime; _builder_version=\u00a0\u00bb4.16&Prime; _module_preset=\u00a0\u00bbdefault\u00a0\u00bb global_colors_info=\u00a0\u00bb{}\u00a0\u00bb][\/et_pb_column][et_pb_column type=\u00a0\u00bb1_5&Prime; _builder_version=\u00a0\u00bb4.16&Prime; _module_preset=\u00a0\u00bbdefault\u00a0\u00bb global_colors_info=\u00a0\u00bb{}\u00a0\u00bb][\/et_pb_column][\/et_pb_row][\/et_pb_section][et_pb_section fb_built=\u00a0\u00bb1&Prime; _builder_version=\u00a0\u00bb4.8.2&Prime; _module_preset=\u00a0\u00bbdefault\u00a0\u00bb background_color=\u00a0\u00bb#F5F5F5&Prime; background_enable_image=\u00a0\u00bboff\u00a0\u00bb global_module=\u00a0\u00bb226290&Prime; saved_tabs=\u00a0\u00bball\u00a0\u00bb locked=\u00a0\u00bboff\u00a0\u00bb global_colors_info=\u00a0\u00bb{}\u00a0\u00bb][et_pb_row _builder_version=\u00a0\u00bb4.16&Prime; _module_preset=\u00a0\u00bbdefault\u00a0\u00bb global_colors_info=\u00a0\u00bb{}\u00a0\u00bb][et_pb_column type=\u00a0\u00bb4_4&Prime; _builder_version=\u00a0\u00bb4.16&Prime; _module_preset=\u00a0\u00bbdefault\u00a0\u00bb global_colors_info=\u00a0\u00bb{}\u00a0\u00bb][et_pb_text _builder_version=\u00a0\u00bb4.16&Prime; _module_preset=\u00a0\u00bbdefault\u00a0\u00bb header_font=\u00a0\u00bb|300|||||||\u00a0\u00bb header_2_font=\u00a0\u00bb|300|||||||\u00a0\u00bb header_2_text_align=\u00a0\u00bbleft\u00a0\u00bb header_2_text_color=\u00a0\u00bb#54A199&Prime; header_2_font_size=\u00a0\u00bb36px\u00a0\u00bb global_colors_info=\u00a0\u00bb{}\u00a0\u00bb]<\/p>\n<h2><span class=\"s1\"><\/span>Prendre Rendez-vous<\/h2>\n<p>[\/et_pb_text][\/et_pb_column][\/et_pb_row][et_pb_row column_structure=\u00a0\u00bb1_2,1_2&Prime; _builder_version=\u00a0\u00bb4.16&Prime; _module_preset=\u00a0\u00bbdefault\u00a0\u00bb locked=\u00a0\u00bboff\u00a0\u00bb global_colors_info=\u00a0\u00bb{}\u00a0\u00bb][et_pb_column type=\u00a0\u00bb1_2&Prime; _builder_version=\u00a0\u00bb4.16&Prime; _module_preset=\u00a0\u00bbdefault\u00a0\u00bb global_colors_info=\u00a0\u00bb{}\u00a0\u00bb][et_pb_text _builder_version=\u00a0\u00bb4.16&Prime; _module_preset=\u00a0\u00bbdefault\u00a0\u00bb text_font=\u00a0\u00bb||||||||\u00a0\u00bb text_text_color=\u00a0\u00bb#54A199&Prime; text_font_size=\u00a0\u00bb18px\u00a0\u00bb text_line_height=\u00a0\u00bb1.3em\u00a0\u00bb header_font=\u00a0\u00bb|300|||||||\u00a0\u00bb header_font_size=\u00a0\u00bb24px\u00a0\u00bb header_line_height=\u00a0\u00bb1.3em\u00a0\u00bb header_3_font=\u00a0\u00bb||||||||\u00a0\u00bb header_3_font_size=\u00a0\u00bb10px\u00a0\u00bb global_colors_info=\u00a0\u00bb{}\u00a0\u00bb]<\/p>\n<h1>Whatsapp: \u202a<span color=\"#333333\" style=\"color: #333333;\">644 05 76 61\u202c<\/span><\/h1>\n<h1>Email : <span style=\"color: #333333;\"><a href=\"mailto:info@saraburguet.com\" style=\"color: #333333;\">info@saraburguet.com<\/a><\/span><\/h1>\n<p>[\/et_pb_text][et_pb_text _builder_version=\u00a0\u00bb4.16&Prime; _module_preset=\u00a0\u00bbdefault\u00a0\u00bb text_font=\u00a0\u00bb||||||||\u00a0\u00bb text_text_color=\u00a0\u00bb#54A199&Prime; text_font_size=\u00a0\u00bb18px\u00a0\u00bb text_line_height=\u00a0\u00bb1.3em\u00a0\u00bb header_font=\u00a0\u00bb|300|||||||\u00a0\u00bb header_font_size=\u00a0\u00bb24px\u00a0\u00bb header_line_height=\u00a0\u00bb1.3em\u00a0\u00bb header_3_font=\u00a0\u00bb||||||||\u00a0\u00bb header_3_font_size=\u00a0\u00bb10px\u00a0\u00bb global_colors_info=\u00a0\u00bb{}\u00a0\u00bb]<\/p>\n<h1><span style=\"color: #333333;\"><a href=\"mailto:info@saraburguet.com\" style=\"color: #333333;\"><\/a><\/span><\/h1>\n<h1>Ou, si vous le pr\u00e9f\u00e9rez,<br \/>remplissez le formulaire suivant<\/h1>\n<p>[\/et_pb_text][et_pb_contact_form email=\u00a0\u00bbsaraburgi@gmail.com\u00a0\u00bb _builder_version=\u00a0\u00bb4.27.4&Prime; _module_preset=\u00a0\u00bbdefault\u00a0\u00bb _unique_id=\u00a0\u00bbf7a66744-703b-4519-b174-aaeca9e7efde\u00a0\u00bb global_colors_info=\u00a0\u00bb{}\u00a0\u00bb][et_pb_contact_field field_id=\u00a0\u00bbName\u00a0\u00bb field_title=\u00a0\u00bbNom\u00a0\u00bb _builder_version=\u00a0\u00bb4.16&Prime; global_colors_info=\u00a0\u00bb{}\u00a0\u00bb button_text_size__hover_enabled=\u00a0\u00bboff\u00a0\u00bb button_one_text_size__hover_enabled=\u00a0\u00bboff\u00a0\u00bb button_two_text_size__hover_enabled=\u00a0\u00bboff\u00a0\u00bb button_text_color__hover_enabled=\u00a0\u00bboff\u00a0\u00bb button_one_text_color__hover_enabled=\u00a0\u00bboff\u00a0\u00bb button_two_text_color__hover_enabled=\u00a0\u00bboff\u00a0\u00bb button_border_width__hover_enabled=\u00a0\u00bboff\u00a0\u00bb button_one_border_width__hover_enabled=\u00a0\u00bboff\u00a0\u00bb button_two_border_width__hover_enabled=\u00a0\u00bboff\u00a0\u00bb button_border_color__hover_enabled=\u00a0\u00bboff\u00a0\u00bb button_one_border_color__hover_enabled=\u00a0\u00bboff\u00a0\u00bb button_two_border_color__hover_enabled=\u00a0\u00bboff\u00a0\u00bb button_border_radius__hover_enabled=\u00a0\u00bboff\u00a0\u00bb button_one_border_radius__hover_enabled=\u00a0\u00bboff\u00a0\u00bb button_two_border_radius__hover_enabled=\u00a0\u00bboff\u00a0\u00bb button_letter_spacing__hover_enabled=\u00a0\u00bboff\u00a0\u00bb button_one_letter_spacing__hover_enabled=\u00a0\u00bboff\u00a0\u00bb button_two_letter_spacing__hover_enabled=\u00a0\u00bboff\u00a0\u00bb button_bg_color__hover_enabled=\u00a0\u00bboff\u00a0\u00bb button_one_bg_color__hover_enabled=\u00a0\u00bboff\u00a0\u00bb button_two_bg_color__hover_enabled=\u00a0\u00bboff\u00a0\u00bb][\/et_pb_contact_field][et_pb_contact_field field_id=\u00a0\u00bbApellido\u00a0\u00bb field_title=\u00a0\u00bbPr\u00e9nom\u00a0\u00bb _builder_version=\u00a0\u00bb4.16&Prime; global_colors_info=\u00a0\u00bb{}\u00a0\u00bb button_text_size__hover_enabled=\u00a0\u00bboff\u00a0\u00bb button_one_text_size__hover_enabled=\u00a0\u00bboff\u00a0\u00bb button_two_text_size__hover_enabled=\u00a0\u00bboff\u00a0\u00bb button_text_color__hover_enabled=\u00a0\u00bboff\u00a0\u00bb button_one_text_color__hover_enabled=\u00a0\u00bboff\u00a0\u00bb button_two_text_color__hover_enabled=\u00a0\u00bboff\u00a0\u00bb button_border_width__hover_enabled=\u00a0\u00bboff\u00a0\u00bb button_one_border_width__hover_enabled=\u00a0\u00bboff\u00a0\u00bb button_two_border_width__hover_enabled=\u00a0\u00bboff\u00a0\u00bb button_border_color__hover_enabled=\u00a0\u00bboff\u00a0\u00bb button_one_border_color__hover_enabled=\u00a0\u00bboff\u00a0\u00bb button_two_border_color__hover_enabled=\u00a0\u00bboff\u00a0\u00bb button_border_radius__hover_enabled=\u00a0\u00bboff\u00a0\u00bb button_one_border_radius__hover_enabled=\u00a0\u00bboff\u00a0\u00bb button_two_border_radius__hover_enabled=\u00a0\u00bboff\u00a0\u00bb button_letter_spacing__hover_enabled=\u00a0\u00bboff\u00a0\u00bb button_one_letter_spacing__hover_enabled=\u00a0\u00bboff\u00a0\u00bb button_two_letter_spacing__hover_enabled=\u00a0\u00bboff\u00a0\u00bb button_bg_color__hover_enabled=\u00a0\u00bboff\u00a0\u00bb button_one_bg_color__hover_enabled=\u00a0\u00bboff\u00a0\u00bb button_two_bg_color__hover_enabled=\u00a0\u00bboff\u00a0\u00bb][\/et_pb_contact_field][et_pb_contact_field field_id=\u00a0\u00bbTel\u00e9fono\u00a0\u00bb field_title=\u00a0\u00bbT\u00e9l\u00e9phone\u00a0\u00bb _builder_version=\u00a0\u00bb4.16&Prime; global_colors_info=\u00a0\u00bb{}\u00a0\u00bb button_text_size__hover_enabled=\u00a0\u00bboff\u00a0\u00bb button_one_text_size__hover_enabled=\u00a0\u00bboff\u00a0\u00bb button_two_text_size__hover_enabled=\u00a0\u00bboff\u00a0\u00bb button_text_color__hover_enabled=\u00a0\u00bboff\u00a0\u00bb button_one_text_color__hover_enabled=\u00a0\u00bboff\u00a0\u00bb button_two_text_color__hover_enabled=\u00a0\u00bboff\u00a0\u00bb button_border_width__hover_enabled=\u00a0\u00bboff\u00a0\u00bb button_one_border_width__hover_enabled=\u00a0\u00bboff\u00a0\u00bb button_two_border_width__hover_enabled=\u00a0\u00bboff\u00a0\u00bb button_border_color__hover_enabled=\u00a0\u00bboff\u00a0\u00bb button_one_border_color__hover_enabled=\u00a0\u00bboff\u00a0\u00bb button_two_border_color__hover_enabled=\u00a0\u00bboff\u00a0\u00bb button_border_radius__hover_enabled=\u00a0\u00bboff\u00a0\u00bb button_one_border_radius__hover_enabled=\u00a0\u00bboff\u00a0\u00bb button_two_border_radius__hover_enabled=\u00a0\u00bboff\u00a0\u00bb button_letter_spacing__hover_enabled=\u00a0\u00bboff\u00a0\u00bb button_one_letter_spacing__hover_enabled=\u00a0\u00bboff\u00a0\u00bb button_two_letter_spacing__hover_enabled=\u00a0\u00bboff\u00a0\u00bb button_bg_color__hover_enabled=\u00a0\u00bboff\u00a0\u00bb button_one_bg_color__hover_enabled=\u00a0\u00bboff\u00a0\u00bb button_two_bg_color__hover_enabled=\u00a0\u00bboff\u00a0\u00bb][\/et_pb_contact_field][et_pb_contact_field field_id=\u00a0\u00bbEmail\u00a0\u00bb field_title=\u00a0\u00bbAdresse e-mail\u00a0\u00bb field_type=\u00a0\u00bbemail\u00a0\u00bb _builder_version=\u00a0\u00bb4.16&Prime; global_colors_info=\u00a0\u00bb{}\u00a0\u00bb button_text_size__hover_enabled=\u00a0\u00bboff\u00a0\u00bb button_one_text_size__hover_enabled=\u00a0\u00bboff\u00a0\u00bb button_two_text_size__hover_enabled=\u00a0\u00bboff\u00a0\u00bb button_text_color__hover_enabled=\u00a0\u00bboff\u00a0\u00bb button_one_text_color__hover_enabled=\u00a0\u00bboff\u00a0\u00bb button_two_text_color__hover_enabled=\u00a0\u00bboff\u00a0\u00bb button_border_width__hover_enabled=\u00a0\u00bboff\u00a0\u00bb button_one_border_width__hover_enabled=\u00a0\u00bboff\u00a0\u00bb button_two_border_width__hover_enabled=\u00a0\u00bboff\u00a0\u00bb button_border_color__hover_enabled=\u00a0\u00bboff\u00a0\u00bb button_one_border_color__hover_enabled=\u00a0\u00bboff\u00a0\u00bb button_two_border_color__hover_enabled=\u00a0\u00bboff\u00a0\u00bb button_border_radius__hover_enabled=\u00a0\u00bboff\u00a0\u00bb button_one_border_radius__hover_enabled=\u00a0\u00bboff\u00a0\u00bb button_two_border_radius__hover_enabled=\u00a0\u00bboff\u00a0\u00bb button_letter_spacing__hover_enabled=\u00a0\u00bboff\u00a0\u00bb button_one_letter_spacing__hover_enabled=\u00a0\u00bboff\u00a0\u00bb button_two_letter_spacing__hover_enabled=\u00a0\u00bboff\u00a0\u00bb button_bg_color__hover_enabled=\u00a0\u00bboff\u00a0\u00bb button_one_bg_color__hover_enabled=\u00a0\u00bboff\u00a0\u00bb button_two_bg_color__hover_enabled=\u00a0\u00bboff\u00a0\u00bb][\/et_pb_contact_field][et_pb_contact_field field_id=\u00a0\u00bbMessage\u00a0\u00bb field_title=\u00a0\u00bbMessage\u00a0\u00bb field_type=\u00a0\u00bbtext\u00a0\u00bb fullwidth_field=\u00a0\u00bbon\u00a0\u00bb _builder_version=\u00a0\u00bb4.16&Prime; global_colors_info=\u00a0\u00bb{}\u00a0\u00bb button_text_size__hover_enabled=\u00a0\u00bboff\u00a0\u00bb button_one_text_size__hover_enabled=\u00a0\u00bboff\u00a0\u00bb button_two_text_size__hover_enabled=\u00a0\u00bboff\u00a0\u00bb button_text_color__hover_enabled=\u00a0\u00bboff\u00a0\u00bb button_one_text_color__hover_enabled=\u00a0\u00bboff\u00a0\u00bb button_two_text_color__hover_enabled=\u00a0\u00bboff\u00a0\u00bb button_border_width__hover_enabled=\u00a0\u00bboff\u00a0\u00bb button_one_border_width__hover_enabled=\u00a0\u00bboff\u00a0\u00bb button_two_border_width__hover_enabled=\u00a0\u00bboff\u00a0\u00bb button_border_color__hover_enabled=\u00a0\u00bboff\u00a0\u00bb button_one_border_color__hover_enabled=\u00a0\u00bboff\u00a0\u00bb button_two_border_color__hover_enabled=\u00a0\u00bboff\u00a0\u00bb button_border_radius__hover_enabled=\u00a0\u00bboff\u00a0\u00bb button_one_border_radius__hover_enabled=\u00a0\u00bboff\u00a0\u00bb button_two_border_radius__hover_enabled=\u00a0\u00bboff\u00a0\u00bb button_letter_spacing__hover_enabled=\u00a0\u00bboff\u00a0\u00bb button_one_letter_spacing__hover_enabled=\u00a0\u00bboff\u00a0\u00bb button_two_letter_spacing__hover_enabled=\u00a0\u00bboff\u00a0\u00bb button_bg_color__hover_enabled=\u00a0\u00bboff\u00a0\u00bb button_one_bg_color__hover_enabled=\u00a0\u00bboff\u00a0\u00bb button_two_bg_color__hover_enabled=\u00a0\u00bboff\u00a0\u00bb][\/et_pb_contact_field][\/et_pb_contact_form][\/et_pb_column][et_pb_column type=\u00a0\u00bb1_2&Prime; _builder_version=\u00a0\u00bb4.16&Prime; _module_preset=\u00a0\u00bbdefault\u00a0\u00bb global_colors_info=\u00a0\u00bb{}\u00a0\u00bb][et_pb_text _builder_version=\u00a0\u00bb4.16&Prime; _module_preset=\u00a0\u00bbdefault\u00a0\u00bb text_font=\u00a0\u00bb||||||||\u00a0\u00bb text_text_color=\u00a0\u00bb#54A199&Prime; text_font_size=\u00a0\u00bb18px\u00a0\u00bb text_line_height=\u00a0\u00bb1.3em\u00a0\u00bb header_font=\u00a0\u00bb|300|||||||\u00a0\u00bb header_font_size=\u00a0\u00bb24px\u00a0\u00bb header_line_height=\u00a0\u00bb1.3em\u00a0\u00bb header_3_font=\u00a0\u00bb||||||||\u00a0\u00bb header_3_font_size=\u00a0\u00bb10px\u00a0\u00bb global_colors_info=\u00a0\u00bb{}\u00a0\u00bb]<\/p>\n<h1 class=\"DUwDvf lfPIob\">Hospital IMED Col\u00f3n<\/h1>\n<p><span style=\"color: #333333;\">Carrer d&rsquo;Isabel la Cat\u00f2lica, 12, L&rsquo;Eixample, 46004 Val\u00e8ncia, Valencia<\/span><\/p>\n<p>[\/et_pb_text][et_pb_code _builder_version=\u00a0\u00bb4.16&Prime; _module_preset=\u00a0\u00bbdefault\u00a0\u00bb link_option_url=\u00a0\u00bbhttps:\/\/maps.app.goo.gl\/SSPwPdv8JW2y94Zh8&Prime; global_colors_info=\u00a0\u00bb{}\u00a0\u00bb]<iframe src=\"https:\/\/www.google.com\/maps\/embed?pb=!1m18!1m12!1m3!1d3080.0133816665725!2d-0.37069769999999996!3d39.4690264!2m3!1f0!2f0!3f0!3m2!1i1024!2i768!4f13.1!3m3!1m2!1s0xd60497899c00653%3A0xbe3eb831ec02210b!2sHospital%20IMED%20Col%C3%B3n!5e0!3m2!1ses!2ses!4v1710160593021!5m2!1ses!2ses\" width=\"600\" height=\"450\" style=\"border:0;\" allowfullscreen=\"\" loading=\"lazy\" referrerpolicy=\"no-referrer-when-downgrade\"><\/iframe>[\/et_pb_code][\/et_pb_column][\/et_pb_row][\/et_pb_section]<\/p>\n","protected":false},"excerpt":{"rendered":"<p>Chirurgienne specialiste en Chirurgie Mini-invasive du RachisLa chirurgie MIS est un ensemble de techniques chirurgicales con\u00e7ues pour r\u00e9soudre les m\u00eames probl\u00e8mes de colonne vert\u00e9brale que la chirurgie conventionnelle, mais avec des l\u00e9sions tissulaires moindres et une r\u00e9duction de l&rsquo;impact de l&rsquo;op\u00e9ration sur l&rsquo;organisme. Diagnostic Traitement Interpr\u00e9tation des r\u00e9sultats d&rsquo;examens Explication compr\u00e9hensible R\u00e9sultats clairs et r\u00e9alistes [&hellip;]<\/p>\n","protected":false},"author":1,"featured_media":0,"parent":0,"menu_order":0,"comment_status":"closed","ping_status":"closed","template":"","meta":{"_et_pb_use_builder":"on","_et_pb_old_content":"","_et_gb_content_width":"","footnotes":""},"class_list":["post-227693","page","type-page","status-publish","hentry"],"yoast_head":"<!-- This site is optimized with the Yoast SEO plugin v27.1.1 - https:\/\/yoast.com\/product\/yoast-seo-wordpress\/ -->\n<title>Accueil - Dr Sara Burguet. Chirurgie de la colonne vert\u00e9brale<\/title>\n<meta name=\"robots\" content=\"index, follow, max-snippet:-1, max-image-preview:large, max-video-preview:-1\" \/>\n<link rel=\"canonical\" href=\"https:\/\/saraburguet.com\/fr\/\" \/>\n<meta property=\"og:locale\" content=\"fr_FR\" \/>\n<meta property=\"og:type\" content=\"article\" \/>\n<meta property=\"og:title\" content=\"Accueil - Dr Sara Burguet. Chirurgie de la colonne vert\u00e9brale\" \/>\n<meta property=\"og:description\" content=\"Chirurgienne specialiste en Chirurgie Mini-invasive du RachisLa chirurgie MIS est un ensemble de techniques chirurgicales con\u00e7ues pour r\u00e9soudre les m\u00eames probl\u00e8mes de colonne vert\u00e9brale que la chirurgie conventionnelle, mais avec des l\u00e9sions tissulaires moindres et une r\u00e9duction de l&#039;impact de l&#039;op\u00e9ration sur l&#039;organisme. Diagnostic Traitement Interpr\u00e9tation des r\u00e9sultats d&#039;examens Explication compr\u00e9hensible R\u00e9sultats clairs et r\u00e9alistes [&hellip;]\" \/>\n<meta property=\"og:url\" content=\"https:\/\/saraburguet.com\/fr\/\" \/>\n<meta property=\"og:site_name\" content=\"Dr Sara Burguet. Chirurgie de la colonne vert\u00e9brale\" \/>\n<meta property=\"article:modified_time\" content=\"2026-03-31T16:17:52+00:00\" \/>\n<meta name=\"twitter:card\" content=\"summary_large_image\" \/>\n<meta name=\"twitter:label1\" content=\"Dur\u00e9e de lecture estim\u00e9e\" \/>\n\t<meta name=\"twitter:data1\" content=\"22 minutes\" \/>\n<script type=\"application\/ld+json\" class=\"yoast-schema-graph\">{\"@context\":\"https:\/\/schema.org\",\"@graph\":[{\"@type\":\"WebPage\",\"@id\":\"https:\/\/saraburguet.com\/fr\/\",\"url\":\"https:\/\/saraburguet.com\/fr\/\",\"name\":\"Accueil - Dr Sara Burguet. Chirurgie de la colonne vert\u00e9brale\",\"isPartOf\":{\"@id\":\"https:\/\/saraburguet.com\/fr\/#website\"},\"datePublished\":\"2021-03-18T17:46:18+00:00\",\"dateModified\":\"2026-03-31T16:17:52+00:00\",\"breadcrumb\":{\"@id\":\"https:\/\/saraburguet.com\/fr\/#breadcrumb\"},\"inLanguage\":\"fr-FR\",\"potentialAction\":[{\"@type\":\"ReadAction\",\"target\":[\"https:\/\/saraburguet.com\/fr\/\"]}]},{\"@type\":\"BreadcrumbList\",\"@id\":\"https:\/\/saraburguet.com\/fr\/#breadcrumb\",\"itemListElement\":[{\"@type\":\"ListItem\",\"position\":1,\"name\":\"Accueil\",\"item\":\"https:\/\/saraburguet.com\/fr\/accueil\/\"},{\"@type\":\"ListItem\",\"position\":2,\"name\":\"Accueil\"}]},{\"@type\":\"WebSite\",\"@id\":\"https:\/\/saraburguet.com\/fr\/#website\",\"url\":\"https:\/\/saraburguet.com\/fr\/\",\"name\":\"Dra. Sara Burguet. Cirug\u00eda de columna\",\"description\":\"Chirurgie mini-invasive\",\"publisher\":{\"@id\":\"https:\/\/saraburguet.com\/fr\/#\/schema\/person\/e44a1944f6b3cc5494e6aa6a28a23ed2\"},\"potentialAction\":[{\"@type\":\"SearchAction\",\"target\":{\"@type\":\"EntryPoint\",\"urlTemplate\":\"https:\/\/saraburguet.com\/fr\/?s={search_term_string}\"},\"query-input\":{\"@type\":\"PropertyValueSpecification\",\"valueRequired\":true,\"valueName\":\"search_term_string\"}}],\"inLanguage\":\"fr-FR\"},{\"@type\":[\"Person\",\"Organization\"],\"@id\":\"https:\/\/saraburguet.com\/fr\/#\/schema\/person\/e44a1944f6b3cc5494e6aa6a28a23ed2\",\"name\":\"admin\",\"logo\":{\"@id\":\"https:\/\/saraburguet.com\/fr\/#\/schema\/person\/image\/\"},\"sameAs\":[\"http:\/\/saraburguet.com\"]}]}<\/script>\n<!-- \/ Yoast SEO plugin. -->","yoast_head_json":{"title":"Accueil - Dr Sara Burguet. Chirurgie de la colonne vert\u00e9brale","robots":{"index":"index","follow":"follow","max-snippet":"max-snippet:-1","max-image-preview":"max-image-preview:large","max-video-preview":"max-video-preview:-1"},"canonical":"https:\/\/saraburguet.com\/fr\/","og_locale":"fr_FR","og_type":"article","og_title":"Accueil - Dr Sara Burguet. Chirurgie de la colonne vert\u00e9brale","og_description":"Chirurgienne specialiste en Chirurgie Mini-invasive du RachisLa chirurgie MIS est un ensemble de techniques chirurgicales con\u00e7ues pour r\u00e9soudre les m\u00eames probl\u00e8mes de colonne vert\u00e9brale que la chirurgie conventionnelle, mais avec des l\u00e9sions tissulaires moindres et une r\u00e9duction de l'impact de l'op\u00e9ration sur l'organisme. Diagnostic Traitement Interpr\u00e9tation des r\u00e9sultats d'examens Explication compr\u00e9hensible R\u00e9sultats clairs et r\u00e9alistes [&hellip;]","og_url":"https:\/\/saraburguet.com\/fr\/","og_site_name":"Dr Sara Burguet. Chirurgie de la colonne vert\u00e9brale","article_modified_time":"2026-03-31T16:17:52+00:00","twitter_card":"summary_large_image","twitter_misc":{"Dur\u00e9e de lecture estim\u00e9e":"22 minutes"},"schema":{"@context":"https:\/\/schema.org","@graph":[{"@type":"WebPage","@id":"https:\/\/saraburguet.com\/fr\/","url":"https:\/\/saraburguet.com\/fr\/","name":"Accueil - Dr Sara Burguet. Chirurgie de la colonne vert\u00e9brale","isPartOf":{"@id":"https:\/\/saraburguet.com\/fr\/#website"},"datePublished":"2021-03-18T17:46:18+00:00","dateModified":"2026-03-31T16:17:52+00:00","breadcrumb":{"@id":"https:\/\/saraburguet.com\/fr\/#breadcrumb"},"inLanguage":"fr-FR","potentialAction":[{"@type":"ReadAction","target":["https:\/\/saraburguet.com\/fr\/"]}]},{"@type":"BreadcrumbList","@id":"https:\/\/saraburguet.com\/fr\/#breadcrumb","itemListElement":[{"@type":"ListItem","position":1,"name":"Accueil","item":"https:\/\/saraburguet.com\/fr\/accueil\/"},{"@type":"ListItem","position":2,"name":"Accueil"}]},{"@type":"WebSite","@id":"https:\/\/saraburguet.com\/fr\/#website","url":"https:\/\/saraburguet.com\/fr\/","name":"Dra. Sara Burguet. Cirug\u00eda de columna","description":"Chirurgie mini-invasive","publisher":{"@id":"https:\/\/saraburguet.com\/fr\/#\/schema\/person\/e44a1944f6b3cc5494e6aa6a28a23ed2"},"potentialAction":[{"@type":"SearchAction","target":{"@type":"EntryPoint","urlTemplate":"https:\/\/saraburguet.com\/fr\/?s={search_term_string}"},"query-input":{"@type":"PropertyValueSpecification","valueRequired":true,"valueName":"search_term_string"}}],"inLanguage":"fr-FR"},{"@type":["Person","Organization"],"@id":"https:\/\/saraburguet.com\/fr\/#\/schema\/person\/e44a1944f6b3cc5494e6aa6a28a23ed2","name":"admin","logo":{"@id":"https:\/\/saraburguet.com\/fr\/#\/schema\/person\/image\/"},"sameAs":["http:\/\/saraburguet.com"]}]}},"jetpack_sharing_enabled":true,"_links":{"self":[{"href":"https:\/\/saraburguet.com\/fr\/wp-json\/wp\/v2\/pages\/227693","targetHints":{"allow":["GET"]}}],"collection":[{"href":"https:\/\/saraburguet.com\/fr\/wp-json\/wp\/v2\/pages"}],"about":[{"href":"https:\/\/saraburguet.com\/fr\/wp-json\/wp\/v2\/types\/page"}],"author":[{"embeddable":true,"href":"https:\/\/saraburguet.com\/fr\/wp-json\/wp\/v2\/users\/1"}],"replies":[{"embeddable":true,"href":"https:\/\/saraburguet.com\/fr\/wp-json\/wp\/v2\/comments?post=227693"}],"version-history":[{"count":19,"href":"https:\/\/saraburguet.com\/fr\/wp-json\/wp\/v2\/pages\/227693\/revisions"}],"predecessor-version":[{"id":228171,"href":"https:\/\/saraburguet.com\/fr\/wp-json\/wp\/v2\/pages\/227693\/revisions\/228171"}],"wp:attachment":[{"href":"https:\/\/saraburguet.com\/fr\/wp-json\/wp\/v2\/media?parent=227693"}],"curies":[{"name":"wp","href":"https:\/\/api.w.org\/{rel}","templated":true}]}}