{"version":"1.0","provider_name":"Dr Sara Burguet. Chirurgie de la colonne vert\u00e9brale","provider_url":"https:\/\/saraburguet.com\/fr\/","author_name":"admin","author_url":"https:\/\/saraburguet.com\/fr\/author\/admin\/","title":"Dolor de cabeza de origen cervical ( Cefalea Cervicog\u00e9nica) - Dr Sara Burguet. Chirurgie de la colonne vert\u00e9brale","type":"rich","width":600,"height":338,"html":"<blockquote class=\"wp-embedded-content\" data-secret=\"xTXaDoAKfc\"><a href=\"https:\/\/saraburguet.com\/fr\/dolor-de-cabeza-de-origen-cervical-cefalea-cervicogenica\/\">Dolor de cabeza de origen cervical ( Cefalea Cervicog\u00e9nica)<\/a><\/blockquote><iframe sandbox=\"allow-scripts\" security=\"restricted\" src=\"https:\/\/saraburguet.com\/fr\/dolor-de-cabeza-de-origen-cervical-cefalea-cervicogenica\/embed\/#?secret=xTXaDoAKfc\" width=\"600\" height=\"338\" title=\"\u00ab\u00a0Dolor de cabeza de origen cervical ( Cefalea Cervicog\u00e9nica)\u00a0\u00bb &#8212; Dr Sara Burguet. Chirurgie de la colonne vert\u00e9brale\" data-secret=\"xTXaDoAKfc\" frameborder=\"0\" marginwidth=\"0\" marginheight=\"0\" scrolling=\"no\" class=\"wp-embedded-content\"><\/iframe><script type=\"text\/javascript\">\n\/* <![CDATA[ *\/\n\/*! This file is auto-generated *\/\n!function(d,l){\"use strict\";l.querySelector&&d.addEventListener&&\"undefined\"!=typeof URL&&(d.wp=d.wp||{},d.wp.receiveEmbedMessage||(d.wp.receiveEmbedMessage=function(e){var t=e.data;if((t||t.secret||t.message||t.value)&&!\/[^a-zA-Z0-9]\/.test(t.secret)){for(var s,r,n,a=l.querySelectorAll('iframe[data-secret=\"'+t.secret+'\"]'),o=l.querySelectorAll('blockquote[data-secret=\"'+t.secret+'\"]'),c=new RegExp(\"^https?:$\",\"i\"),i=0;i<o.length;i++)o[i].style.display=\"none\";for(i=0;i<a.length;i++)s=a[i],e.source===s.contentWindow&&(s.removeAttribute(\"style\"),\"height\"===t.message?(1e3<(r=parseInt(t.value,10))?r=1e3:~~r<200&&(r=200),s.height=r):\"link\"===t.message&&(r=new URL(s.getAttribute(\"src\")),n=new URL(t.value),c.test(n.protocol))&&n.host===r.host&&l.activeElement===s&&(d.top.location.href=t.value))}},d.addEventListener(\"message\",d.wp.receiveEmbedMessage,!1),l.addEventListener(\"DOMContentLoaded\",function(){for(var e,t,s=l.querySelectorAll(\"iframe.wp-embedded-content\"),r=0;r<s.length;r++)(t=(e=s[r]).getAttribute(\"data-secret\"))||(t=Math.random().toString(36).substring(2,12),e.src+=\"#?secret=\"+t,e.setAttribute(\"data-secret\",t)),e.contentWindow.postMessage({message:\"ready\",secret:t},\"*\")},!1)))}(window,document);\n\/\/# sourceURL=https:\/\/saraburguet.com\/wp-includes\/js\/wp-embed.min.js\n\/* ]]> *\/\n<\/script>\n","thumbnail_url":"https:\/\/saraburguet.com\/wp-content\/uploads\/2022\/11\/las-cervicales-producen-dolor-de-cabeza-2.jpeg","thumbnail_width":275,"thumbnail_height":183,"description":"La c\u00e9phal\u00e9e ou mal de t\u00eate est un sympt\u00f4me tr\u00e8s fr\u00e9quent que nous avons tous connu au moins une fois. Parfois, le mal de t\u00eate appara\u00eet en m\u00eame temps que la douleur cervicale et mes patients me consultent \u00e0 ce sujet, ils associent eux-m\u00eames une douleur \u00e0 l&rsquo;autre mais, ont-ils toujours un lien entre eux [&hellip;]"}