{"id":227698,"date":"2021-03-10T15:06:50","date_gmt":"2021-03-10T15:06:50","guid":{"rendered":"https:\/\/saraburguet.com\/dr-burguet\/"},"modified":"2026-03-25T14:20:28","modified_gmt":"2026-03-25T14:20:28","slug":"dr-burguet","status":"publish","type":"page","link":"https:\/\/saraburguet.com\/en\/dr-burguet\/","title":{"rendered":"Dr. Burguet"},"content":{"rendered":"<p>[et_pb_section fb_built=&#8221;1&#8243; _builder_version=&#8221;4.16&#8243; _module_preset=&#8221;default&#8221; background_image=&#8221;https:\/\/saraburguet.com\/wp-content\/uploads\/2021\/04\/DEM-MAR21-SARA-BURGUET-3-1920px.jpg&#8221; transform_scale_linked=&#8221;off&#8221; transform_translate=&#8221;0px|23px&#8221; transform_translate_linked=&#8221;off&#8221; min_height=&#8221;530px&#8221; height=&#8221;500px&#8221; max_height=&#8221;1000px&#8221; bottom_divider_style=&#8221;arrow3&#8243; bottom_divider_color=&#8221;#FFFFFF&#8221; bottom_divider_height=&#8221;30px&#8221; locked=&#8221;off&#8221; global_colors_info=&#8221;{}&#8221;][\/et_pb_section][et_pb_section fb_built=&#8221;1&#8243; _builder_version=&#8221;4.16&#8243; _module_preset=&#8221;default&#8221; background_color=&#8221;#FFFFFF&#8221; background_enable_image=&#8221;off&#8221; min_height_last_edited=&#8221;off|desktop&#8221; custom_margin=&#8221;||-2px|||&#8221; custom_padding=&#8221;||0px|||&#8221; bottom_divider_color=&#8221;#F5F5F5&#8243; bottom_divider_height=&#8221;30px&#8221; locked=&#8221;off&#8221; global_colors_info=&#8221;{}&#8221;][et_pb_row _builder_version=&#8221;4.16&#8243; _module_preset=&#8221;default&#8221; animation_style=&#8221;fold&#8221; global_colors_info=&#8221;{}&#8221;][et_pb_column type=&#8221;4_4&#8243; _builder_version=&#8221;4.16&#8243; _module_preset=&#8221;default&#8221; global_colors_info=&#8221;{}&#8221;][et_pb_text _builder_version=&#8221;4.16&#8243; _module_preset=&#8221;default&#8221; header_font=&#8221;|300|||||||&#8221; header_2_font=&#8221;|300|||||||&#8221; header_2_text_align=&#8221;left&#8221; header_2_text_color=&#8221;#54A199&#8243; header_2_font_size=&#8221;36px&#8221; global_colors_info=&#8221;{}&#8221;]<\/p>\n<h2>Dr. Burguet <\/h2>\n<p>[\/et_pb_text][\/et_pb_column][\/et_pb_row][et_pb_row column_structure=&#8221;2_5,3_5&#8243; _builder_version=&#8221;4.16&#8243; _module_preset=&#8221;default&#8221; locked=&#8221;off&#8221; global_colors_info=&#8221;{}&#8221;][et_pb_column type=&#8221;2_5&#8243; _builder_version=&#8221;4.16&#8243; _module_preset=&#8221;default&#8221; global_colors_info=&#8221;{}&#8221;][et_pb_video src=&#8221;https:\/\/saraburguet.com\/wp-content\/uploads\/2021\/04\/SaraBurguet-1.mp4&#8243; src_webm=&#8221;https:\/\/saraburguet.com\/wp-content\/uploads\/2021\/04\/SaraBurguet.mp4&#8243; _builder_version=&#8221;4.16&#8243; _module_preset=&#8221;default&#8221; global_colors_info=&#8221;{}&#8221;][\/et_pb_video][\/et_pb_column][et_pb_column type=&#8221;3_5&#8243; _builder_version=&#8221;4.16&#8243; _module_preset=&#8221;default&#8221; global_colors_info=&#8221;{}&#8221;][et_pb_text _builder_version=&#8221;4.16&#8243; _module_preset=&#8221;default&#8221; header_font=&#8221;|300|||||||&#8221; header_text_align=&#8221;center&#8221; header_text_color=&#8221;#54A199&#8243; header_font_size=&#8221;50px&#8221; header_2_font=&#8221;|300|||||||&#8221; header_2_text_align=&#8221;left&#8221; header_2_text_color=&#8221;#54A199&#8243; header_2_font_size=&#8221;36px&#8221; animation_style=&#8221;fold&#8221; border_color_all=&#8221;RGBA(0,0,0,0)&#8221; border_color_top=&#8221;#D4F4F0&#8243; border_color_bottom=&#8221;#3D3D3B&#8221; global_colors_info=&#8221;{}&#8221;]<\/p>\n<h1 style=\"text-align: left;\">&#8220;Caring for you, vertebra by vertebra&#8221;<\/h1>\n<p>[\/et_pb_text][et_pb_text _builder_version=&#8221;4.16&#8243; _module_preset=&#8221;default&#8221; header_font=&#8221;|300|||||||&#8221; header_2_font=&#8221;|300|||||||&#8221; header_3_font=&#8221;|300|||||||&#8221; global_colors_info=&#8221;{}&#8221;]<\/p>\n<h3><span style=\"color: #54a199;\">My name is Sara Burguet Girona. After earning my Degree in Medicine and Surgery from the University of Valencia, I chose Hospital La Fe for my residency (MIR) in Orthopedic Surgery and Traumatology. <\/span><\/h3>\n<h3><span style=\"color: #333333;\"><br \/>\n<\/span><span style=\"color: #54a199;\">There, I met Dr. Bordon, with whom I completed my training in Spine Surgery, with a special focus on minimally invasive techniques.<\/span><\/h3>\n<h3><span style=\"color: #333333;\"><br \/>\n<\/span><span style=\"color: #54a199;\">Since 2012, I have dedicated myself exclusively to treating patients with spinal problems. To offer the latest advancements in treatment, I prioritize continuous training and education. <\/span><\/h3>\n<h3>\nIn my free time, I enjoy sports\u2014especially functional training, running, swimming, yoga, padel surf, biking and hiking.<\/h3>\n<h3><\/h3>\n<p>[\/et_pb_text][et_pb_social_media_follow _builder_version=&#8221;4.16&#8243; _module_preset=&#8221;default&#8221; transform_scale=&#8221;120%|120%&#8221; transform_translate=&#8221;-50px|0px&#8221; text_orientation=&#8221;center&#8221; border_radii=&#8221;on|15px|15px|15px|15px&#8221; global_colors_info=&#8221;{}&#8221;][et_pb_social_media_follow_network social_network=&#8221;linkedin&#8221; icon_color=&#8221;#FFFFFF&#8221; _builder_version=&#8221;4.16&#8243; _module_preset=&#8221;default&#8221; background_color=&#8221;#54A199&#8243; background_enable_color=&#8221;on&#8221; global_colors_info=&#8221;{}&#8221; follow_button=&#8221;off&#8221; url_new_window=&#8221;on&#8221;]linkedin[\/et_pb_social_media_follow_network][\/et_pb_social_media_follow][et_pb_social_media_follow url_new_window=&#8221;off&#8221; follow_button=&#8221;on&#8221; _builder_version=&#8221;4.16&#8243; _module_preset=&#8221;default&#8221; transform_scale=&#8221;120%|120%&#8221; transform_translate=&#8221;-50px|0px&#8221; text_orientation=&#8221;center&#8221; border_radii=&#8221;on|15px|15px|15px|15px&#8221; global_colors_info=&#8221;{}&#8221;][\/et_pb_social_media_follow][\/et_pb_column][\/et_pb_row][et_pb_row _builder_version=&#8221;4.16&#8243; _module_preset=&#8221;default&#8221; locked=&#8221;off&#8221; global_colors_info=&#8221;{}&#8221;][et_pb_column type=&#8221;4_4&#8243; _builder_version=&#8221;4.16&#8243; _module_preset=&#8221;default&#8221; global_colors_info=&#8221;{}&#8221;][et_pb_cta title=&#8221;Curriculum Vitae&#8221; button_url=&#8221;https:\/\/saraburguet.com\/wp-content\/uploads\/2024\/01\/Curri_culum-SBG.pdf&#8221; url_new_window=&#8221;on&#8221; button_text=&#8221;Download&#8221; _builder_version=&#8221;4.16&#8243; _module_preset=&#8221;default&#8221; header_level=&#8221;h1&#8243; header_font=&#8221;|300|||||||&#8221; header_text_color=&#8221;#54A199&#8243; header_font_size=&#8221;30px&#8221; background_color=&#8221;#F5F5F5&#8243; custom_button=&#8221;on&#8221; button_text_color=&#8221;#54A199&#8243; header_font_size_tablet=&#8221;&#8221; header_font_size_phone=&#8221;20px&#8221; header_font_size_last_edited=&#8221;on|phone&#8221; global_colors_info=&#8221;{}&#8221;][\/et_pb_cta][\/et_pb_column][\/et_pb_row][et_pb_row column_structure=&#8221;1_5,1_5,1_5,1_5,1_5&#8243; _builder_version=&#8221;4.16&#8243; _module_preset=&#8221;default&#8221; locked=&#8221;off&#8221; global_colors_info=&#8221;{}&#8221;][et_pb_column type=&#8221;1_5&#8243; _builder_version=&#8221;4.16&#8243; _module_preset=&#8221;default&#8221; global_colors_info=&#8221;{}&#8221;][\/et_pb_column][et_pb_column type=&#8221;1_5&#8243; _builder_version=&#8221;4.16&#8243; _module_preset=&#8221;default&#8221; global_colors_info=&#8221;{}&#8221;][\/et_pb_column][et_pb_column type=&#8221;1_5&#8243; _builder_version=&#8221;4.16&#8243; _module_preset=&#8221;default&#8221; global_colors_info=&#8221;{}&#8221;][et_pb_image src=&#8221;https:\/\/saraburguet.com\/wp-content\/uploads\/2021\/01\/icon-copia.png&#8221; title_text=&#8221;icon copia&#8221; _builder_version=&#8221;4.16&#8243; _module_preset=&#8221;default&#8221; transform_scale=&#8221;50%|50%&#8221; global_colors_info=&#8221;{}&#8221;][\/et_pb_image][\/et_pb_column][et_pb_column type=&#8221;1_5&#8243; _builder_version=&#8221;4.16&#8243; _module_preset=&#8221;default&#8221; global_colors_info=&#8221;{}&#8221;][\/et_pb_column][et_pb_column type=&#8221;1_5&#8243; _builder_version=&#8221;4.16&#8243; _module_preset=&#8221;default&#8221; global_colors_info=&#8221;{}&#8221;][\/et_pb_column][\/et_pb_row][\/et_pb_section][et_pb_section fb_built=&#8221;1&#8243; _builder_version=&#8221;4.16&#8243; _module_preset=&#8221;default&#8221; background_color=&#8221;#D4F4F0&#8243; background_enable_image=&#8221;off&#8221; min_height_last_edited=&#8221;off|desktop&#8221; custom_margin=&#8221;||-2px|||&#8221; custom_padding=&#8221;||0px|||&#8221; bottom_divider_color=&#8221;#F5F5F5&#8243; bottom_divider_height=&#8221;30px&#8221; locked=&#8221;off&#8221; global_colors_info=&#8221;{}&#8221;][et_pb_row column_structure=&#8221;1_2,1_2&#8243; _builder_version=&#8221;4.16&#8243; _module_preset=&#8221;default&#8221; animation_style=&#8221;fold&#8221; global_colors_info=&#8221;{}&#8221;][et_pb_column type=&#8221;1_2&#8243; _builder_version=&#8221;4.16&#8243; _module_preset=&#8221;default&#8221; global_colors_info=&#8221;{}&#8221;][et_pb_text _builder_version=&#8221;4.16&#8243; _module_preset=&#8221;default&#8221; header_font=&#8221;|300|||||||&#8221; header_2_font=&#8221;|300|||||||&#8221; header_2_text_align=&#8221;left&#8221; header_2_text_color=&#8221;#54A199&#8243; header_2_font_size=&#8221;36px&#8221; global_colors_info=&#8221;{}&#8221;]<\/p>\n<h2>Publications<\/h2>\n<p>[\/et_pb_text][\/et_pb_column][et_pb_column type=&#8221;1_2&#8243; _builder_version=&#8221;4.16&#8243; _module_preset=&#8221;default&#8221; global_colors_info=&#8221;{}&#8221;][\/et_pb_column][\/et_pb_row][et_pb_row column_structure=&#8221;3_5,1_5,1_5&#8243; _builder_version=&#8221;4.16&#8243; _module_preset=&#8221;default&#8221; locked=&#8221;off&#8221; global_colors_info=&#8221;{}&#8221;][et_pb_column type=&#8221;3_5&#8243; _builder_version=&#8221;4.16&#8243; _module_preset=&#8221;default&#8221; global_colors_info=&#8221;{}&#8221;][et_pb_text _builder_version=&#8221;4.16&#8243; _module_preset=&#8221;default&#8221; header_font=&#8221;|300|||||||&#8221; header_2_font=&#8221;|300|||||||&#8221; header_3_font=&#8221;|300|||||||&#8221; header_3_text_color=&#8221;#3D3D3B&#8221; header_4_font=&#8221;|300|||||||&#8221; header_4_text_align=&#8221;left&#8221; header_4_font_size=&#8221;24px&#8221; header_5_font=&#8221;|300|||||||&#8221; link_option_url=&#8221;https:\/\/doi.org\/10.1016\/j.recot.2018.10.005&#8243; link_option_url_new_window=&#8221;on&#8221; global_colors_info=&#8221;{}&#8221;]<\/p>\n<h3><span style=\"color: #333333;\">Sangrado oculto intraoperatorio en cirug\u00eda m\u00ednimamente invasiva de fracturas vertebrales osteopor\u00f3ticas. Martin Gorgojo V, Burguet Girona S, Mu\u00f1oz Donat S. Revista Espa\u00f1ola de Cirugia Ortopedica y Traumatologia 2024. https:\/\/www.sciencedirect.com\/science\/article\/pii\/S188844152300262X?ref=pdf_download&amp;fr=RR-2&amp;rr=845e28afca3a2147<br \/> <\/span><\/h3>\n<p>[\/et_pb_text][\/et_pb_column][et_pb_column type=&#8221;1_5&#8243; _builder_version=&#8221;4.16&#8243; _module_preset=&#8221;default&#8221; global_colors_info=&#8221;{}&#8221;][et_pb_image src=&#8221;https:\/\/saraburguet.com\/wp-content\/uploads\/2021\/03\/publicaciones.png&#8221; title_text=&#8221;Publications&#8221; url=&#8221;https:\/\/doi.org\/10.1016\/j.recot.2018.10.005&#8243; url_new_window=&#8221;on&#8221; _builder_version=&#8221;4.16&#8243; _module_preset=&#8221;default&#8221; width=&#8221;50px&#8221; global_colors_info=&#8221;{}&#8221;][\/et_pb_image][\/et_pb_column][et_pb_column type=&#8221;1_5&#8243; _builder_version=&#8221;4.16&#8243; _module_preset=&#8221;default&#8221; global_colors_info=&#8221;{}&#8221;][\/et_pb_column][\/et_pb_row][et_pb_row column_structure=&#8221;3_5,1_5,1_5&#8243; _builder_version=&#8221;4.16&#8243; _module_preset=&#8221;default&#8221; locked=&#8221;off&#8221; global_colors_info=&#8221;{}&#8221;][et_pb_column type=&#8221;3_5&#8243; _builder_version=&#8221;4.16&#8243; _module_preset=&#8221;default&#8221; global_colors_info=&#8221;{}&#8221;][et_pb_text _builder_version=&#8221;4.16&#8243; _module_preset=&#8221;default&#8221; header_font=&#8221;|300|||||||&#8221; header_2_font=&#8221;|300|||||||&#8221; header_3_font=&#8221;|300|||||||&#8221; header_3_text_color=&#8221;#3D3D3B&#8221; header_4_font=&#8221;|300|||||||&#8221; header_4_text_align=&#8221;left&#8221; header_4_font_size=&#8221;24px&#8221; header_5_font=&#8221;|300|||||||&#8221; link_option_url=&#8221;https:\/\/doi.org\/10.1016\/j.recot.2018.10.005&#8243; link_option_url_new_window=&#8221;on&#8221; global_colors_info=&#8221;{}&#8221;]<\/p>\n<h3><span style=\"color: #333333;\">Opciones de tratamiento quir\u00fargico m\u00ednimamente invasivo en las fracturas vertebrales osteopor\u00f3ticas OF4. Ferrando Messeguer E, Burguet Girona S, Maruenda J.<br \/>Rev Esp Cir Ortop Traumatol. Rev Esp Cir Ortop Traumatol. 2022 Mar-Apr;66(2):86-94. English, Spanish. doi: 10.1016\/j.recot.2021.07.009. Epub 2021 Nov 19. PMID: 35404795.<br \/> <\/span><\/h3>\n<p>[\/et_pb_text][\/et_pb_column][et_pb_column type=&#8221;1_5&#8243; _builder_version=&#8221;4.16&#8243; _module_preset=&#8221;default&#8221; global_colors_info=&#8221;{}&#8221;][et_pb_image src=&#8221;https:\/\/saraburguet.com\/wp-content\/uploads\/2021\/03\/publicaciones.png&#8221; title_text=&#8221;Publications&#8221; url=&#8221;https:\/\/doi.org\/10.1016\/j.recot.2018.10.005&#8243; url_new_window=&#8221;on&#8221; _builder_version=&#8221;4.16&#8243; _module_preset=&#8221;default&#8221; width=&#8221;50px&#8221; global_colors_info=&#8221;{}&#8221;][\/et_pb_image][\/et_pb_column][et_pb_column type=&#8221;1_5&#8243; _builder_version=&#8221;4.16&#8243; _module_preset=&#8221;default&#8221; global_colors_info=&#8221;{}&#8221;][\/et_pb_column][\/et_pb_row][et_pb_row column_structure=&#8221;3_5,1_5,1_5&#8243; _builder_version=&#8221;4.16&#8243; _module_preset=&#8221;default&#8221; locked=&#8221;off&#8221; global_colors_info=&#8221;{}&#8221;][et_pb_column type=&#8221;3_5&#8243; _builder_version=&#8221;4.16&#8243; _module_preset=&#8221;default&#8221; global_colors_info=&#8221;{}&#8221;][et_pb_text _builder_version=&#8221;4.16&#8243; _module_preset=&#8221;default&#8221; header_font=&#8221;|300|||||||&#8221; header_2_font=&#8221;|300|||||||&#8221; header_3_font=&#8221;|300|||||||&#8221; header_3_text_color=&#8221;#3D3D3B&#8221; header_4_font=&#8221;|300|||||||&#8221; header_4_text_align=&#8221;left&#8221; header_4_font_size=&#8221;24px&#8221; header_5_font=&#8221;|300|||||||&#8221; link_option_url=&#8221;https:\/\/doi.org\/10.1016\/j.recot.2018.10.005&#8243; link_option_url_new_window=&#8221;on&#8221; global_colors_info=&#8221;{}&#8221;]<\/p>\n<h3><span style=\"color: #333333;\">Evaluaci\u00f3n cr\u00edtica de las complicaciones asociadas al abordaje retropleural m\u00ednimamente invasivo en cirug\u00eda de columna toracolumbar. Bordon G, Burguet Girona S.<br \/>\nRev Esp Cir Ortop Traumatol. 2019 May Jun;63(3):209-216.<br \/>\ndoi: 10.1016\/j.recot.2018.10.005. Epub 2018 Dec 31.<br \/>\n<\/span><\/h3>\n<p>[\/et_pb_text][\/et_pb_column][et_pb_column type=&#8221;1_5&#8243; _builder_version=&#8221;4.16&#8243; _module_preset=&#8221;default&#8221; global_colors_info=&#8221;{}&#8221;][et_pb_image src=&#8221;https:\/\/saraburguet.com\/wp-content\/uploads\/2021\/03\/publicaciones.png&#8221; title_text=&#8221;Publications&#8221; url=&#8221;https:\/\/doi.org\/10.1016\/j.recot.2018.10.005&#8243; url_new_window=&#8221;on&#8221; _builder_version=&#8221;4.16&#8243; _module_preset=&#8221;default&#8221; width=&#8221;50px&#8221; global_colors_info=&#8221;{}&#8221;][\/et_pb_image][\/et_pb_column][et_pb_column type=&#8221;1_5&#8243; _builder_version=&#8221;4.16&#8243; _module_preset=&#8221;default&#8221; global_colors_info=&#8221;{}&#8221;][\/et_pb_column][\/et_pb_row][et_pb_row column_structure=&#8221;3_5,1_5,1_5&#8243; _builder_version=&#8221;4.16&#8243; _module_preset=&#8221;default&#8221; locked=&#8221;off&#8221; global_colors_info=&#8221;{}&#8221;][et_pb_column type=&#8221;3_5&#8243; _builder_version=&#8221;4.16&#8243; _module_preset=&#8221;default&#8221; global_colors_info=&#8221;{}&#8221;][et_pb_text _builder_version=&#8221;4.16&#8243; _module_preset=&#8221;default&#8221; header_font=&#8221;|300|||||||&#8221; header_2_font=&#8221;|300|||||||&#8221; header_3_font=&#8221;|300|||||||&#8221; header_3_text_color=&#8221;#3D3D3B&#8221; header_4_font=&#8221;|300|||||||&#8221; header_4_text_align=&#8221;left&#8221; header_4_font_size=&#8221;24px&#8221; header_5_font=&#8221;|300|||||||&#8221; link_option_url=&#8221;https:\/\/www.sciencedirect.com\/science\/article\/abs\/pii\/S1888441515000971&#8243; link_option_url_new_window=&#8221;on&#8221; global_colors_info=&#8221;{}&#8221;]<\/p>\n<h3 class=\"nova-e-text nova-e-text--size-xl nova-e-text--family-sans-serif nova-e-text--spacing-none nova-e-text--color-grey-900 research-detail-header-section__title\"><span style=\"color: #333333;\">Tratamiento de la hernia discal tor\u00e1cica mediante toracoscopia navegada. Nuestra experiencia. Bordon G, Burguet Girona S.<br \/>\nRev Esp Cir Ortop Traumatol 2017;61:124-9 \u2013<br \/>\nDOI: 10.1016\/j.recot.2015.07.003<\/span><\/h3>\n<p>[\/et_pb_text][\/et_pb_column][et_pb_column type=&#8221;1_5&#8243; _builder_version=&#8221;4.16&#8243; _module_preset=&#8221;default&#8221; global_colors_info=&#8221;{}&#8221;][et_pb_image src=&#8221;https:\/\/saraburguet.com\/wp-content\/uploads\/2021\/03\/publicaciones.png&#8221; title_text=&#8221;Publications&#8221; url=&#8221;https:\/\/www.sciencedirect.com\/science\/article\/abs\/pii\/S1888441515000971&#8243; url_new_window=&#8221;on&#8221; _builder_version=&#8221;4.16&#8243; _module_preset=&#8221;default&#8221; width=&#8221;50px&#8221; global_colors_info=&#8221;{}&#8221;][\/et_pb_image][\/et_pb_column][et_pb_column type=&#8221;1_5&#8243; _builder_version=&#8221;4.16&#8243; _module_preset=&#8221;default&#8221; global_colors_info=&#8221;{}&#8221;][\/et_pb_column][\/et_pb_row][et_pb_row column_structure=&#8221;3_5,1_5,1_5&#8243; _builder_version=&#8221;4.16&#8243; _module_preset=&#8221;default&#8221; locked=&#8221;off&#8221; global_colors_info=&#8221;{}&#8221;][et_pb_column type=&#8221;3_5&#8243; _builder_version=&#8221;4.16&#8243; _module_preset=&#8221;default&#8221; global_colors_info=&#8221;{}&#8221;][et_pb_text _builder_version=&#8221;4.16&#8243; _module_preset=&#8221;default&#8221; header_font=&#8221;|300|||||||&#8221; header_2_font=&#8221;|300|||||||&#8221; header_3_font=&#8221;|300|||||||&#8221; header_3_text_color=&#8221;#3D3D3B&#8221; header_4_font=&#8221;|300|||||||&#8221; header_4_text_align=&#8221;left&#8221; header_4_font_size=&#8221;24px&#8221; header_5_font=&#8221;|300|||||||&#8221; link_option_url=&#8221;http:\/\/dx.doi.org\/10.1155\/2014\/698585&#8243; link_option_url_new_window=&#8221;on&#8221; global_colors_info=&#8221;{}&#8221;]<\/p>\n<h3 class=\"heading-title\"><span style=\"color: #333333;\">Gunshot Wound in Lumbar Spine with Intradural Location of a Bullet. Bordon G, Burguet Girona S.<br \/>\nCase Reports in Orthopedics Volume 2014 (2014), Article ID 698585, 3 pages<\/span><\/h3>\n<div class=\"research-detail-header-section__metadata\">\n<div class=\"nova-e-text nova-e-text--size-m nova-e-text--family-sans-serif nova-e-text--spacing-xxs nova-e-text--color-grey-700\"><\/div>\n<\/div>\n<p>[\/et_pb_text][\/et_pb_column][et_pb_column type=&#8221;1_5&#8243; _builder_version=&#8221;4.16&#8243; _module_preset=&#8221;default&#8221; global_colors_info=&#8221;{}&#8221;][et_pb_image src=&#8221;https:\/\/saraburguet.com\/wp-content\/uploads\/2021\/03\/publicaciones.png&#8221; title_text=&#8221;Publications&#8221; url=&#8221;http:\/\/dx.doi.org\/10.1155\/2014\/698585&#8243; url_new_window=&#8221;on&#8221; _builder_version=&#8221;4.16&#8243; _module_preset=&#8221;default&#8221; width=&#8221;50px&#8221; global_colors_info=&#8221;{}&#8221;][\/et_pb_image][\/et_pb_column][et_pb_column type=&#8221;1_5&#8243; _builder_version=&#8221;4.16&#8243; _module_preset=&#8221;default&#8221; global_colors_info=&#8221;{}&#8221;][\/et_pb_column][\/et_pb_row][et_pb_row column_structure=&#8221;3_5,1_5,1_5&#8243; _builder_version=&#8221;4.16&#8243; _module_preset=&#8221;default&#8221; locked=&#8221;off&#8221; global_colors_info=&#8221;{}&#8221;][et_pb_column type=&#8221;3_5&#8243; _builder_version=&#8221;4.16&#8243; _module_preset=&#8221;default&#8221; global_colors_info=&#8221;{}&#8221;][et_pb_text _builder_version=&#8221;4.16&#8243; _module_preset=&#8221;default&#8221; header_font=&#8221;|300|||||||&#8221; header_2_font=&#8221;|300|||||||&#8221; header_3_font=&#8221;|300|||||||&#8221; header_3_text_color=&#8221;#3D3D3B&#8221; header_4_font=&#8221;|300|||||||&#8221; header_4_text_align=&#8221;left&#8221; header_4_font_size=&#8221;24px&#8221; header_5_font=&#8221;|300|||||||&#8221; link_option_url=&#8221;https:\/\/www.elsevier.es\/es-revista-revista-espanola-cirugia-ortopedica-traumatologia-129-articulo-discitis-ninos-menores-3-anos&#8211;S1888441513001902&#8243; link_option_url_new_window=&#8221;on&#8221; global_colors_info=&#8221;{}&#8221;]<\/p>\n<div class=\"research-detail-header-section__metadata\">\n<h3 class=\"nova-e-text nova-e-text--size-m nova-e-text--family-sans-serif nova-e-text--spacing-xxs nova-e-text--color-grey-700\"><span style=\"color: #333333;\">Discitis en ni\u00f1os menores de 3 a\u00f1os. Serie de casos y revisi\u00f3n de la literatura. I. Miranda, S. Burguet, M. Salom.<br \/>\nRev Esp Cir Ortop Traumatol 2014;58 (2) :92-100.<br \/>\nDOI: 10.1016\/j.recot.2013.11.002<\/span><\/h3>\n<\/div>\n<p>[\/et_pb_text][\/et_pb_column][et_pb_column type=&#8221;1_5&#8243; _builder_version=&#8221;4.16&#8243; _module_preset=&#8221;default&#8221; global_colors_info=&#8221;{}&#8221;][et_pb_image src=&#8221;https:\/\/saraburguet.com\/wp-content\/uploads\/2021\/03\/publicaciones.png&#8221; title_text=&#8221;Publications&#8221; url=&#8221;https:\/\/www.elsevier.es\/es-revista-revista-espanola-cirugia-ortopedica-traumatologia-129-articulo-discitis-ninos-menores-3-anos&#8211;S1888441513001902&#8243; url_new_window=&#8221;on&#8221; _builder_version=&#8221;4.16&#8243; _module_preset=&#8221;default&#8221; width=&#8221;50px&#8221; global_colors_info=&#8221;{}&#8221;][\/et_pb_image][\/et_pb_column][et_pb_column type=&#8221;1_5&#8243; _builder_version=&#8221;4.16&#8243; _module_preset=&#8221;default&#8221; global_colors_info=&#8221;{}&#8221;][\/et_pb_column][\/et_pb_row][et_pb_row column_structure=&#8221;3_5,1_5,1_5&#8243; _builder_version=&#8221;4.16&#8243; _module_preset=&#8221;default&#8221; locked=&#8221;off&#8221; global_colors_info=&#8221;{}&#8221;][et_pb_column type=&#8221;3_5&#8243; _builder_version=&#8221;4.16&#8243; _module_preset=&#8221;default&#8221; global_colors_info=&#8221;{}&#8221;][et_pb_text _builder_version=&#8221;4.16&#8243; _module_preset=&#8221;default&#8221; header_font=&#8221;|300|||||||&#8221; header_2_font=&#8221;|300|||||||&#8221; header_3_font=&#8221;|300|||||||&#8221; header_3_text_color=&#8221;#3D3D3B&#8221; header_4_font=&#8221;|300|||||||&#8221; header_4_text_align=&#8221;left&#8221; header_4_font_size=&#8221;24px&#8221; header_5_font=&#8221;|300|||||||&#8221; link_option_url=&#8221;https:\/\/www.elsevier.es\/es-revista-revista-espanola-cirugia-ortopedica-traumatologia-129-articulo-discitis-ninos-menores-3-anos&#8211;S1888441513001902&#8243; link_option_url_new_window=&#8221;on&#8221; global_colors_info=&#8221;{}&#8221;]<\/p>\n<div class=\"research-detail-header-section__metadata\">\n<h3 class=\"nova-e-text nova-e-text--size-m nova-e-text--family-sans-serif nova-e-text--spacing-xxs nova-e-text--color-grey-700\"><span style=\"color: #333333;\">Collaborating researcher in the multicenter study \u201cA prospective, 5-year global study on MAST\u2122 Minimally Invasive Fusion Procedures for the Treatment of the Degenerative Lumbar Spine (Masters D2).\u201d Reference P15-01, from 2016 to 2020.<\/span><\/h3>\n<\/div>\n<p>[\/et_pb_text][\/et_pb_column][et_pb_column type=&#8221;1_5&#8243; _builder_version=&#8221;4.16&#8243; _module_preset=&#8221;default&#8221; global_colors_info=&#8221;{}&#8221;][\/et_pb_column][et_pb_column type=&#8221;1_5&#8243; _builder_version=&#8221;4.16&#8243; _module_preset=&#8221;default&#8221; global_colors_info=&#8221;{}&#8221;][\/et_pb_column][\/et_pb_row][et_pb_row column_structure=&#8221;1_2,1_2&#8243; _builder_version=&#8221;4.16&#8243; _module_preset=&#8221;default&#8221; animation_style=&#8221;fold&#8221; global_colors_info=&#8221;{}&#8221;][et_pb_column type=&#8221;1_2&#8243; _builder_version=&#8221;4.16&#8243; _module_preset=&#8221;default&#8221; global_colors_info=&#8221;{}&#8221;][et_pb_text _builder_version=&#8221;4.16&#8243; _module_preset=&#8221;default&#8221; header_font=&#8221;|300|||||||&#8221; header_2_font=&#8221;|300|||||||&#8221; header_2_text_align=&#8221;left&#8221; header_2_text_color=&#8221;#54A199&#8243; header_2_font_size=&#8221;36px&#8221; global_colors_info=&#8221;{}&#8221;]<\/p>\n<h2>Book chapters<\/h2>\n<p>[\/et_pb_text][\/et_pb_column][et_pb_column type=&#8221;1_2&#8243; _builder_version=&#8221;4.16&#8243; _module_preset=&#8221;default&#8221; global_colors_info=&#8221;{}&#8221;][\/et_pb_column][\/et_pb_row][et_pb_row column_structure=&#8221;3_5,1_5,1_5&#8243; _builder_version=&#8221;4.16&#8243; _module_preset=&#8221;default&#8221; locked=&#8221;off&#8221; global_colors_info=&#8221;{}&#8221;][et_pb_column type=&#8221;3_5&#8243; _builder_version=&#8221;4.16&#8243; _module_preset=&#8221;default&#8221; global_colors_info=&#8221;{}&#8221;][et_pb_text _builder_version=&#8221;4.16&#8243; _module_preset=&#8221;default&#8221; header_font=&#8221;|300|||||||&#8221; header_2_font=&#8221;|300|||||||&#8221; header_3_font=&#8221;|300|||||||&#8221; header_3_text_color=&#8221;#3D3D3B&#8221; header_4_font=&#8221;|300|||||||&#8221; header_4_text_align=&#8221;left&#8221; header_4_font_size=&#8221;24px&#8221; header_5_font=&#8221;|300|||||||&#8221; link_option_url=&#8221;http:\/\/seri.es\/index.php\/area-cientifica\/consensos-y-recomendaciones-seri\/146-libros-seri-2&#8243; link_option_url_new_window=&#8221;on&#8221; global_colors_info=&#8221;{}&#8221;]<\/p>\n<h3><span style=\"color: #333333;\"><strong>Dolor vertebral en el ni\u00f1o y adolescente.<\/strong> S. Burguet, G. Girona.<br \/>\nEn: Manual de Rehabilitaci\u00f3n Infantil. M.A. Redondo Garcia, J.A. Conejero Casares.<br \/>\n1\u00aa edici\u00f3n. Editorial Panamericana. Madrid 2012. ISBN 978-84-9835-344-0    <\/span><\/h3>\n<div class=\"research-detail-header-section__metadata\">\n<div class=\"nova-e-text nova-e-text--size-m nova-e-text--family-sans-serif nova-e-text--spacing-xxs nova-e-text--color-grey-700\"><\/div>\n<\/div>\n<p>[\/et_pb_text][\/et_pb_column][et_pb_column type=&#8221;1_5&#8243; _builder_version=&#8221;4.16&#8243; _module_preset=&#8221;default&#8221; global_colors_info=&#8221;{}&#8221;][et_pb_image src=&#8221;https:\/\/saraburguet.com\/wp-content\/uploads\/2021\/03\/publicaciones.png&#8221; title_text=&#8221;Publications&#8221; url=&#8221;http:\/\/seri.es\/index.php\/area-cientifica\/consensos-y-recomendaciones-seri\/146-libros-seri-2&#8243; url_new_window=&#8221;on&#8221; _builder_version=&#8221;4.16&#8243; _module_preset=&#8221;default&#8221; width=&#8221;50px&#8221; global_colors_info=&#8221;{}&#8221;][\/et_pb_image][\/et_pb_column][et_pb_column type=&#8221;1_5&#8243; _builder_version=&#8221;4.16&#8243; _module_preset=&#8221;default&#8221; global_colors_info=&#8221;{}&#8221;][\/et_pb_column][\/et_pb_row][et_pb_row column_structure=&#8221;3_5,1_5,1_5&#8243; _builder_version=&#8221;4.16&#8243; _module_preset=&#8221;default&#8221; locked=&#8221;off&#8221; global_colors_info=&#8221;{}&#8221;][et_pb_column type=&#8221;3_5&#8243; _builder_version=&#8221;4.16&#8243; _module_preset=&#8221;default&#8221; global_colors_info=&#8221;{}&#8221;][et_pb_text _builder_version=&#8221;4.16&#8243; _module_preset=&#8221;default&#8221; header_font=&#8221;|300|||||||&#8221; header_2_font=&#8221;|300|||||||&#8221; header_3_font=&#8221;|300|||||||&#8221; header_3_text_color=&#8221;#3D3D3B&#8221; header_4_font=&#8221;|300|||||||&#8221; header_4_text_align=&#8221;left&#8221; header_4_font_size=&#8221;24px&#8221; header_5_font=&#8221;|300|||||||&#8221; link_option_url_new_window=&#8221;on&#8221; global_colors_info=&#8221;{}&#8221;]<\/p>\n<h3><span style=\"color: #333333;\"><strong>Atenci\u00f3n urgente de las complicaciones en cirug\u00eda de columna.<\/strong> G. Bordon, S. Burguet Girona. Cap\u00edtulo 8.<br \/>\nEn: Manual de Urgencias en la Columna Vertebral.- 1\u00aa edici\u00f3n.- Madrid; Editorial Ergon; 2019. ISBN: 978-84-17194-42-0. <\/span><\/h3>\n<div class=\"research-detail-header-section__metadata\">\n<div class=\"nova-e-text nova-e-text--size-m nova-e-text--family-sans-serif nova-e-text--spacing-xxs nova-e-text--color-grey-700\"><\/div>\n<\/div>\n<p>[\/et_pb_text][\/et_pb_column][et_pb_column type=&#8221;1_5&#8243; _builder_version=&#8221;4.16&#8243; _module_preset=&#8221;default&#8221; global_colors_info=&#8221;{}&#8221;][\/et_pb_column][et_pb_column type=&#8221;1_5&#8243; _builder_version=&#8221;4.16&#8243; _module_preset=&#8221;default&#8221; global_colors_info=&#8221;{}&#8221;][\/et_pb_column][\/et_pb_row][et_pb_row column_structure=&#8221;3_5,1_5,1_5&#8243; _builder_version=&#8221;4.16&#8243; _module_preset=&#8221;default&#8221; locked=&#8221;off&#8221; global_colors_info=&#8221;{}&#8221;][et_pb_column type=&#8221;3_5&#8243; _builder_version=&#8221;4.16&#8243; _module_preset=&#8221;default&#8221; global_colors_info=&#8221;{}&#8221;][et_pb_text _builder_version=&#8221;4.16&#8243; _module_preset=&#8221;default&#8221; header_font=&#8221;|300|||||||&#8221; header_2_font=&#8221;|300|||||||&#8221; header_3_font=&#8221;|300|||||||&#8221; header_3_text_color=&#8221;#3D3D3B&#8221; header_4_font=&#8221;|300|||||||&#8221; header_4_text_align=&#8221;left&#8221; header_4_font_size=&#8221;24px&#8221; header_5_font=&#8221;|300|||||||&#8221; link_option_url=&#8221;https:\/\/www.medicapanamericana.com\/es\/formacion\/experto-universitario-en-rehabilitacion-infantil&#8221; link_option_url_new_window=&#8221;on&#8221; global_colors_info=&#8221;{}&#8221;]<\/p>\n<h3><span style=\"color: #333333;\"><strong>Cap\u00edtulo 4.4 \u201cRehabilitaci\u00f3n postraum\u00e1tica Infantil\u201d para el curso online de Experto en Rehabilitaci\u00f3n Infantil de la SERI (Sociedad Espa\u00f1ola de Rehabilitaci\u00f3n Infantil).<\/strong> Editorial panamericana (2017-actualidad)<\/span><\/h3>\n<div class=\"research-detail-header-section__metadata\">\n<div class=\"nova-e-text nova-e-text--size-m nova-e-text--family-sans-serif nova-e-text--spacing-xxs nova-e-text--color-grey-700\"><\/div>\n<\/div>\n<p>[\/et_pb_text][\/et_pb_column][et_pb_column type=&#8221;1_5&#8243; _builder_version=&#8221;4.16&#8243; _module_preset=&#8221;default&#8221; global_colors_info=&#8221;{}&#8221;][et_pb_image src=&#8221;https:\/\/saraburguet.com\/wp-content\/uploads\/2021\/03\/publicaciones.png&#8221; title_text=&#8221;Publications&#8221; url=&#8221;https:\/\/www.medicapanamericana.com\/es\/formacion\/experto-universitario-en-rehabilitacion-infantil&#8221; _builder_version=&#8221;4.16&#8243; _module_preset=&#8221;default&#8221; width=&#8221;50px&#8221; global_colors_info=&#8221;{}&#8221;][\/et_pb_image][\/et_pb_column][et_pb_column type=&#8221;1_5&#8243; _builder_version=&#8221;4.16&#8243; _module_preset=&#8221;default&#8221; global_colors_info=&#8221;{}&#8221;][\/et_pb_column][\/et_pb_row][et_pb_row column_structure=&#8221;3_5,1_5,1_5&#8243; _builder_version=&#8221;4.16&#8243; _module_preset=&#8221;default&#8221; locked=&#8221;off&#8221; global_colors_info=&#8221;{}&#8221;][et_pb_column type=&#8221;3_5&#8243; _builder_version=&#8221;4.16&#8243; _module_preset=&#8221;default&#8221; global_colors_info=&#8221;{}&#8221;][et_pb_text _builder_version=&#8221;4.16&#8243; _module_preset=&#8221;default&#8221; header_font=&#8221;|300|||||||&#8221; header_2_font=&#8221;|300|||||||&#8221; header_3_font=&#8221;|300|||||||&#8221; header_3_text_color=&#8221;#3D3D3B&#8221; header_4_font=&#8221;|300|||||||&#8221; header_4_text_align=&#8221;left&#8221; header_4_font_size=&#8221;24px&#8221; header_5_font=&#8221;|300|||||||&#8221; link_option_url=&#8221;https:\/\/www.medicapanamericana.com\/es\/libro\/500-Anestesias-incluye-version-digital&#8221; link_option_url_new_window=&#8221;on&#8221; global_colors_info=&#8221;{}&#8221;]<\/p>\n<h3><span style=\"color: #333333;\"><strong>Secci\u00f3n XLIII. Politraumatizado y cirug\u00eda emergente. Cap\u00edtulo 210. Cirug\u00eda espinal no demorable. Compresi\u00f3n medular tumoral, infecciosa o por hematoma epidural.<\/strong> P\u00e1g. 244. A. Casasempere San\u00fas, J. M. Esparza Mi\u00f1ana y S. Burguet Girona<br \/>\nEn: 500 Anestesias. Claves en el manejo de los procedimientos anest\u00e9sicos m\u00e1s frecuentes.<br \/>\n&#8211; 1\u00aa ed. \u2013 Madrid; Editorial M\u00e9dica Panamericana; 2021. ISBN: 978-84-9110-244-1 (Versi\u00f3n impresa + versi\u00f3n digital) ISBN: 978-84-9110-245-8 (Versi\u00f3n digital).  <\/span><\/h3>\n<div class=\"research-detail-header-section__metadata\">\n<div class=\"nova-e-text nova-e-text--size-m nova-e-text--family-sans-serif nova-e-text--spacing-xxs nova-e-text--color-grey-700\"><\/div>\n<\/div>\n<p>[\/et_pb_text][\/et_pb_column][et_pb_column type=&#8221;1_5&#8243; _builder_version=&#8221;4.16&#8243; _module_preset=&#8221;default&#8221; global_colors_info=&#8221;{}&#8221;][et_pb_image src=&#8221;https:\/\/saraburguet.com\/wp-content\/uploads\/2021\/03\/publicaciones.png&#8221; title_text=&#8221;Publications&#8221; url=&#8221;https:\/\/www.medicapanamericana.com\/es\/libro\/500-Anestesias-incluye-version-digital&#8221; _builder_version=&#8221;4.16&#8243; _module_preset=&#8221;default&#8221; width=&#8221;50px&#8221; global_colors_info=&#8221;{}&#8221;][\/et_pb_image][\/et_pb_column][et_pb_column type=&#8221;1_5&#8243; _builder_version=&#8221;4.16&#8243; _module_preset=&#8221;default&#8221; global_colors_info=&#8221;{}&#8221;][\/et_pb_column][\/et_pb_row][et_pb_row column_structure=&#8221;3_5,1_5,1_5&#8243; _builder_version=&#8221;4.16&#8243; _module_preset=&#8221;default&#8221; locked=&#8221;off&#8221; global_colors_info=&#8221;{}&#8221;][et_pb_column type=&#8221;3_5&#8243; _builder_version=&#8221;4.16&#8243; _module_preset=&#8221;default&#8221; global_colors_info=&#8221;{}&#8221;][et_pb_text _builder_version=&#8221;4.16&#8243; _module_preset=&#8221;default&#8221; header_font=&#8221;|300|||||||&#8221; header_2_font=&#8221;|300|||||||&#8221; header_3_font=&#8221;|300|||||||&#8221; header_3_text_color=&#8221;#3D3D3B&#8221; header_4_font=&#8221;|300|||||||&#8221; header_4_text_align=&#8221;left&#8221; header_4_font_size=&#8221;24px&#8221; header_5_font=&#8221;|300|||||||&#8221; link_option_url=&#8221;https:\/\/www.medicapanamericana.com\/es\/libro\/500-Anestesias-incluye-version-digital&#8221; link_option_url_new_window=&#8221;on&#8221; global_colors_info=&#8221;{}&#8221;]<\/p>\n<div class=\"research-detail-header-section__metadata\">\n<h3 class=\"nova-e-text nova-e-text--size-m nova-e-text--family-sans-serif nova-e-text--spacing-xxs nova-e-text--color-grey-700\"><span style=\"color: #333333;\"><strong>Secci\u00f3n XLVI. Lumbar. Cap\u00edtulo 220. Abordaje anterior discal (cirug\u00eda m\u00ednimamente invasiva).<\/strong> ALIF. P\u00e1g. 255. J. M. Ortega Monz\u00f3, J. M. Esparza Mi\u00f1ana y S. Burguet Girona.<br \/>\nEn: 500 Anestesias. Claves en el manejo de los procedimientos anest\u00e9sicos m\u00e1s frecuentes.<br \/>\n&#8211; 1\u00aa ed. \u2013 Madrid; Editorial M\u00e9dica Panamericana; 2021. ISBN: 978-84-9110-244-1 (Versi\u00f3n impresa + versi\u00f3n digital) ISBN: 978-84-9110-245-8 (Versi\u00f3n digital).  <\/span><\/h3>\n<\/div>\n<p>[\/et_pb_text][\/et_pb_column][et_pb_column type=&#8221;1_5&#8243; _builder_version=&#8221;4.16&#8243; _module_preset=&#8221;default&#8221; global_colors_info=&#8221;{}&#8221;][et_pb_image src=&#8221;https:\/\/saraburguet.com\/wp-content\/uploads\/2021\/03\/publicaciones.png&#8221; title_text=&#8221;Publications&#8221; url=&#8221;https:\/\/www.medicapanamericana.com\/es\/libro\/500-Anestesias-incluye-version-digital&#8221; _builder_version=&#8221;4.16&#8243; _module_preset=&#8221;default&#8221; width=&#8221;50px&#8221; global_colors_info=&#8221;{}&#8221;][\/et_pb_image][\/et_pb_column][et_pb_column type=&#8221;1_5&#8243; _builder_version=&#8221;4.16&#8243; _module_preset=&#8221;default&#8221; global_colors_info=&#8221;{}&#8221;][\/et_pb_column][\/et_pb_row][\/et_pb_section][et_pb_section fb_built=&#8221;1&#8243; _builder_version=&#8221;4.16&#8243; _module_preset=&#8221;default&#8221; background_color=&#8221;#D4F4F0&#8243; background_enable_image=&#8221;off&#8221; min_height_last_edited=&#8221;off|desktop&#8221; custom_margin=&#8221;||-2px|||&#8221; custom_padding=&#8221;||0px|||&#8221; bottom_divider_style=&#8221;arrow3&#8243; bottom_divider_color=&#8221;#F5F5F5&#8243; bottom_divider_height=&#8221;30px&#8221; locked=&#8221;off&#8221; global_colors_info=&#8221;{}&#8221;][et_pb_row column_structure=&#8221;1_5,1_5,1_5,1_5,1_5&#8243; _builder_version=&#8221;4.16&#8243; _module_preset=&#8221;default&#8221; locked=&#8221;off&#8221; global_colors_info=&#8221;{}&#8221;][et_pb_column type=&#8221;1_5&#8243; _builder_version=&#8221;4.16&#8243; _module_preset=&#8221;default&#8221; global_colors_info=&#8221;{}&#8221;][\/et_pb_column][et_pb_column type=&#8221;1_5&#8243; _builder_version=&#8221;4.16&#8243; _module_preset=&#8221;default&#8221; global_colors_info=&#8221;{}&#8221;][\/et_pb_column][et_pb_column type=&#8221;1_5&#8243; _builder_version=&#8221;4.16&#8243; _module_preset=&#8221;default&#8221; global_colors_info=&#8221;{}&#8221;][et_pb_image src=&#8221;https:\/\/saraburguet.com\/wp-content\/uploads\/2021\/01\/icon-copia.png&#8221; title_text=&#8221;icon copia&#8221; _builder_version=&#8221;4.16&#8243; _module_preset=&#8221;default&#8221; transform_scale=&#8221;50%|50%&#8221; global_colors_info=&#8221;{}&#8221;][\/et_pb_image][\/et_pb_column][et_pb_column type=&#8221;1_5&#8243; _builder_version=&#8221;4.16&#8243; _module_preset=&#8221;default&#8221; global_colors_info=&#8221;{}&#8221;][\/et_pb_column][et_pb_column type=&#8221;1_5&#8243; _builder_version=&#8221;4.16&#8243; _module_preset=&#8221;default&#8221; global_colors_info=&#8221;{}&#8221;][\/et_pb_column][\/et_pb_row][\/et_pb_section][et_pb_section fb_built=&#8221;1&#8243; _builder_version=&#8221;4.16&#8243; _module_preset=&#8221;default&#8221; background_color=&#8221;#FFFFFF&#8221; background_enable_image=&#8221;off&#8221; min_height_last_edited=&#8221;off|desktop&#8221; custom_margin=&#8221;||-2px|||&#8221; custom_padding=&#8221;||0px|||&#8221; bottom_divider_color=&#8221;#F5F5F5&#8243; bottom_divider_height=&#8221;30px&#8221; locked=&#8221;off&#8221; global_colors_info=&#8221;{}&#8221; disabled_on=&#8221;on|on|on&#8221; disabled=&#8221;on&#8221;][et_pb_row _builder_version=&#8221;4.16&#8243; _module_preset=&#8221;default&#8221; locked=&#8221;off&#8221; global_colors_info=&#8221;{}&#8221;][et_pb_column type=&#8221;4_4&#8243; _builder_version=&#8221;4.16&#8243; _module_preset=&#8221;default&#8221; global_colors_info=&#8221;{}&#8221;][et_pb_cta title=&#8221;Bone Fragility Prevention Unit&#8221; button_url=&#8221;https:\/\/saraburguet.com\/227188-2\/&#8221; button_text=&#8221;More information&#8221; _builder_version=&#8221;4.16&#8243; _module_preset=&#8221;default&#8221; header_level=&#8221;h1&#8243; header_font=&#8221;|300|||||||&#8221; header_text_color=&#8221;#54A199&#8243; header_font_size=&#8221;30px&#8221; background_color=&#8221;#F5F5F5&#8243; custom_button=&#8221;on&#8221; button_text_color=&#8221;#54A199&#8243; header_font_size_tablet=&#8221;&#8221; header_font_size_phone=&#8221;20px&#8221; header_font_size_last_edited=&#8221;on|phone&#8221; global_colors_info=&#8221;{}&#8221;][\/et_pb_cta][\/et_pb_column][\/et_pb_row][et_pb_row column_structure=&#8221;1_3,1_3,1_3&#8243; _builder_version=&#8221;4.16&#8243; _module_preset=&#8221;default&#8221; locked=&#8221;off&#8221; global_colors_info=&#8221;{}&#8221;][et_pb_column type=&#8221;1_3&#8243; _builder_version=&#8221;4.16&#8243; _module_preset=&#8221;default&#8221; global_colors_info=&#8221;{}&#8221;][et_pb_image src=&#8221;https:\/\/saraburguet.com\/wp-content\/uploads\/2024\/03\/logo-imed-colon-blanco.png&#8221; title_text=&#8221;logo-imed-colon-blanco&#8221; align=&#8221;center&#8221; _builder_version=&#8221;4.16&#8243; _module_preset=&#8221;default&#8221; width=&#8221;47%&#8221; global_colors_info=&#8221;{}&#8221;][\/et_pb_image][\/et_pb_column][et_pb_column type=&#8221;1_3&#8243; _builder_version=&#8221;4.16&#8243; _module_preset=&#8221;default&#8221; global_colors_info=&#8221;{}&#8221;][et_pb_image src=&#8221;https:\/\/saraburguet.com\/wp-content\/uploads\/2024\/01\/logoSECPEC.png&#8221; title_text=&#8221;logoSECPEC&#8221; align=&#8221;center&#8221; _builder_version=&#8221;4.16&#8243; _module_preset=&#8221;default&#8221; width=&#8221;40%&#8221; locked=&#8221;off&#8221; global_colors_info=&#8221;{}&#8221;][\/et_pb_image][\/et_pb_column][et_pb_column type=&#8221;1_3&#8243; _builder_version=&#8221;4.16&#8243; _module_preset=&#8221;default&#8221; global_colors_info=&#8221;{}&#8221;][et_pb_image src=&#8221;https:\/\/saraburguet.com\/wp-content\/uploads\/2024\/01\/I-Congreso-SEMISS-SECPEC.-Madrid-2023-1.png&#8221; title_text=&#8221;I Congreso SEMISS-SECPEC. Madrid 2023-1 &#8221; align=&#8221;center&#8221; _builder_version=&#8221;4.16&#8243; _module_preset=&#8221;default&#8221; width=&#8221;70%&#8221; locked=&#8221;off&#8221; global_colors_info=&#8221;{}&#8221;][\/et_pb_image][\/et_pb_column][\/et_pb_row][\/et_pb_section][et_pb_section fb_built=&#8221;1&#8243; _builder_version=&#8221;4.16&#8243; _module_preset=&#8221;default&#8221; background_color=&#8221;#F5F5F5&#8243; background_enable_image=&#8221;off&#8221; saved_tabs=&#8221;all&#8221; locked=&#8221;off&#8221; global_colors_info=&#8221;{}&#8221;][et_pb_row _builder_version=&#8221;4.16&#8243; _module_preset=&#8221;default&#8221; global_colors_info=&#8221;{}&#8221;][et_pb_column type=&#8221;4_4&#8243; _builder_version=&#8221;4.16&#8243; _module_preset=&#8221;default&#8221; global_colors_info=&#8221;{}&#8221;][et_pb_text _builder_version=&#8221;4.16&#8243; _module_preset=&#8221;default&#8221; header_font=&#8221;|300|||||||&#8221; header_2_font=&#8221;|300|||||||&#8221; header_2_text_align=&#8221;left&#8221; header_2_text_color=&#8221;#54A199&#8243; header_2_font_size=&#8221;36px&#8221; global_colors_info=&#8221;{}&#8221;]<\/p>\n<h2><span class=\"s1\"><\/span>Book an appointment<\/h2>\n<p>[\/et_pb_text][\/et_pb_column][\/et_pb_row][et_pb_row column_structure=&#8221;1_2,1_2&#8243; _builder_version=&#8221;4.16&#8243; _module_preset=&#8221;default&#8221; locked=&#8221;off&#8221; global_colors_info=&#8221;{}&#8221;][et_pb_column type=&#8221;1_2&#8243; _builder_version=&#8221;4.16&#8243; _module_preset=&#8221;default&#8221; global_colors_info=&#8221;{}&#8221;][et_pb_text _builder_version=&#8221;4.16&#8243; _module_preset=&#8221;default&#8221; text_font=&#8221;||||||||&#8221; text_text_color=&#8221;#54A199&#8243; text_font_size=&#8221;18px&#8221; text_line_height=&#8221;1.3em&#8221; header_font=&#8221;|300|||||||&#8221; header_font_size=&#8221;24px&#8221; header_line_height=&#8221;1.3em&#8221; header_3_font=&#8221;||||||||&#8221; header_3_font_size=&#8221;10px&#8221; global_colors_info=&#8221;{}&#8221;]<\/p>\n<h1>Whatsapp: \u202a644 05 76 61\u202c<\/h1>\n<h1>Email: <span style=\"color: #333333;\"><a href=\"mailto:info@saraburguet.com\" style=\"color: #333333;\">info@saraburguet.com<\/a><\/span><\/h1>\n<p>[\/et_pb_text][et_pb_text _builder_version=&#8221;4.16&#8243; _module_preset=&#8221;default&#8221; text_font=&#8221;||||||||&#8221; text_text_color=&#8221;#54A199&#8243; text_font_size=&#8221;18px&#8221; text_line_height=&#8221;1.3em&#8221; header_font=&#8221;|300|||||||&#8221; header_font_size=&#8221;24px&#8221; header_line_height=&#8221;1.3em&#8221; header_3_font=&#8221;||||||||&#8221; header_3_font_size=&#8221;10px&#8221; global_colors_info=&#8221;{}&#8221;]<\/p>\n<h1><span style=\"color: #333333;\"><a href=\"mailto:info@saraburguet.com\" style=\"color: #333333;\"><\/a><\/span><\/h1>\n<h1>Or, if you prefer, fill out the following<br \/>contact form and we will call you.<\/h1>\n<p>[\/et_pb_text][et_pb_contact_form email=&#8221;info@saraburguet.com &#8221; _builder_version=&#8221;4.16&#8243; _module_preset=&#8221;default&#8221; _unique_id=&#8221;54fac0a4-cc9c-4df4-bb63-d4e26eb43dcb&#8221; global_colors_info=&#8221;{}&#8221;][et_pb_contact_field field_id=&#8221;Name&#8221; field_title=&#8221;First Name&#8221; _builder_version=&#8221;4.16&#8243; global_colors_info=&#8221;{}&#8221; button_text_size__hover_enabled=&#8221;off&#8221; button_one_text_size__hover_enabled=&#8221;off&#8221; button_two_text_size__hover_enabled=&#8221;off&#8221; button_text_color__hover_enabled=&#8221;off&#8221; button_one_text_color__hover_enabled=&#8221;off&#8221; button_two_text_color__hover_enabled=&#8221;off&#8221; button_border_width__hover_enabled=&#8221;off&#8221; button_one_border_width__hover_enabled=&#8221;off&#8221; button_two_border_width__hover_enabled=&#8221;off&#8221; button_border_color__hover_enabled=&#8221;off&#8221; button_one_border_color__hover_enabled=&#8221;off&#8221; button_two_border_color__hover_enabled=&#8221;off&#8221; button_border_radius__hover_enabled=&#8221;off&#8221; button_one_border_radius__hover_enabled=&#8221;off&#8221; button_two_border_radius__hover_enabled=&#8221;off&#8221; button_letter_spacing__hover_enabled=&#8221;off&#8221; button_one_letter_spacing__hover_enabled=&#8221;off&#8221; button_two_letter_spacing__hover_enabled=&#8221;off&#8221; button_bg_color__hover_enabled=&#8221;off&#8221; button_one_bg_color__hover_enabled=&#8221;off&#8221; button_two_bg_color__hover_enabled=&#8221;off&#8221;][\/et_pb_contact_field][et_pb_contact_field field_id=&#8221;Apellido&#8221; field_title=&#8221;Last Name&#8221; _builder_version=&#8221;4.16&#8243; global_colors_info=&#8221;{}&#8221; button_text_size__hover_enabled=&#8221;off&#8221; button_one_text_size__hover_enabled=&#8221;off&#8221; button_two_text_size__hover_enabled=&#8221;off&#8221; button_text_color__hover_enabled=&#8221;off&#8221; button_one_text_color__hover_enabled=&#8221;off&#8221; button_two_text_color__hover_enabled=&#8221;off&#8221; button_border_width__hover_enabled=&#8221;off&#8221; button_one_border_width__hover_enabled=&#8221;off&#8221; button_two_border_width__hover_enabled=&#8221;off&#8221; button_border_color__hover_enabled=&#8221;off&#8221; button_one_border_color__hover_enabled=&#8221;off&#8221; button_two_border_color__hover_enabled=&#8221;off&#8221; button_border_radius__hover_enabled=&#8221;off&#8221; button_one_border_radius__hover_enabled=&#8221;off&#8221; button_two_border_radius__hover_enabled=&#8221;off&#8221; button_letter_spacing__hover_enabled=&#8221;off&#8221; button_one_letter_spacing__hover_enabled=&#8221;off&#8221; button_two_letter_spacing__hover_enabled=&#8221;off&#8221; button_bg_color__hover_enabled=&#8221;off&#8221; button_one_bg_color__hover_enabled=&#8221;off&#8221; button_two_bg_color__hover_enabled=&#8221;off&#8221;][\/et_pb_contact_field][et_pb_contact_field field_id=&#8221;Tel\u00e9fono&#8221; field_title=&#8221;Phone Number&#8221; _builder_version=&#8221;4.16&#8243; global_colors_info=&#8221;{}&#8221; button_text_size__hover_enabled=&#8221;off&#8221; button_one_text_size__hover_enabled=&#8221;off&#8221; button_two_text_size__hover_enabled=&#8221;off&#8221; button_text_color__hover_enabled=&#8221;off&#8221; button_one_text_color__hover_enabled=&#8221;off&#8221; button_two_text_color__hover_enabled=&#8221;off&#8221; button_border_width__hover_enabled=&#8221;off&#8221; button_one_border_width__hover_enabled=&#8221;off&#8221; button_two_border_width__hover_enabled=&#8221;off&#8221; button_border_color__hover_enabled=&#8221;off&#8221; button_one_border_color__hover_enabled=&#8221;off&#8221; button_two_border_color__hover_enabled=&#8221;off&#8221; button_border_radius__hover_enabled=&#8221;off&#8221; button_one_border_radius__hover_enabled=&#8221;off&#8221; button_two_border_radius__hover_enabled=&#8221;off&#8221; button_letter_spacing__hover_enabled=&#8221;off&#8221; button_one_letter_spacing__hover_enabled=&#8221;off&#8221; button_two_letter_spacing__hover_enabled=&#8221;off&#8221; button_bg_color__hover_enabled=&#8221;off&#8221; button_one_bg_color__hover_enabled=&#8221;off&#8221; button_two_bg_color__hover_enabled=&#8221;off&#8221;][\/et_pb_contact_field][et_pb_contact_field field_id=&#8221;Email&#8221; field_title=&#8221;Email&#8221; field_type=&#8221;email&#8221; _builder_version=&#8221;4.16&#8243; global_colors_info=&#8221;{}&#8221; button_text_size__hover_enabled=&#8221;off&#8221; button_one_text_size__hover_enabled=&#8221;off&#8221; button_two_text_size__hover_enabled=&#8221;off&#8221; button_text_color__hover_enabled=&#8221;off&#8221; button_one_text_color__hover_enabled=&#8221;off&#8221; button_two_text_color__hover_enabled=&#8221;off&#8221; button_border_width__hover_enabled=&#8221;off&#8221; button_one_border_width__hover_enabled=&#8221;off&#8221; button_two_border_width__hover_enabled=&#8221;off&#8221; button_border_color__hover_enabled=&#8221;off&#8221; button_one_border_color__hover_enabled=&#8221;off&#8221; button_two_border_color__hover_enabled=&#8221;off&#8221; button_border_radius__hover_enabled=&#8221;off&#8221; button_one_border_radius__hover_enabled=&#8221;off&#8221; button_two_border_radius__hover_enabled=&#8221;off&#8221; button_letter_spacing__hover_enabled=&#8221;off&#8221; button_one_letter_spacing__hover_enabled=&#8221;off&#8221; button_two_letter_spacing__hover_enabled=&#8221;off&#8221; button_bg_color__hover_enabled=&#8221;off&#8221; button_one_bg_color__hover_enabled=&#8221;off&#8221; button_two_bg_color__hover_enabled=&#8221;off&#8221;][\/et_pb_contact_field][et_pb_contact_field field_id=&#8221;Message&#8221; field_title=&#8221;Message&#8221; field_type=&#8221;text&#8221; fullwidth_field=&#8221;on&#8221; _builder_version=&#8221;4.16&#8243; global_colors_info=&#8221;{}&#8221; button_text_size__hover_enabled=&#8221;off&#8221; button_one_text_size__hover_enabled=&#8221;off&#8221; button_two_text_size__hover_enabled=&#8221;off&#8221; button_text_color__hover_enabled=&#8221;off&#8221; button_one_text_color__hover_enabled=&#8221;off&#8221; button_two_text_color__hover_enabled=&#8221;off&#8221; button_border_width__hover_enabled=&#8221;off&#8221; button_one_border_width__hover_enabled=&#8221;off&#8221; button_two_border_width__hover_enabled=&#8221;off&#8221; button_border_color__hover_enabled=&#8221;off&#8221; button_one_border_color__hover_enabled=&#8221;off&#8221; button_two_border_color__hover_enabled=&#8221;off&#8221; button_border_radius__hover_enabled=&#8221;off&#8221; button_one_border_radius__hover_enabled=&#8221;off&#8221; button_two_border_radius__hover_enabled=&#8221;off&#8221; button_letter_spacing__hover_enabled=&#8221;off&#8221; button_one_letter_spacing__hover_enabled=&#8221;off&#8221; button_two_letter_spacing__hover_enabled=&#8221;off&#8221; button_bg_color__hover_enabled=&#8221;off&#8221; button_one_bg_color__hover_enabled=&#8221;off&#8221; button_two_bg_color__hover_enabled=&#8221;off&#8221;][\/et_pb_contact_field][\/et_pb_contact_form][\/et_pb_column][et_pb_column type=&#8221;1_2&#8243; _builder_version=&#8221;4.16&#8243; _module_preset=&#8221;default&#8221; global_colors_info=&#8221;{}&#8221;][et_pb_text _builder_version=&#8221;4.16&#8243; _module_preset=&#8221;default&#8221; text_font=&#8221;||||||||&#8221; text_text_color=&#8221;#54A199&#8243; text_font_size=&#8221;18px&#8221; text_line_height=&#8221;1.3em&#8221; header_font=&#8221;|300|||||||&#8221; header_font_size=&#8221;24px&#8221; header_line_height=&#8221;1.3em&#8221; header_3_font=&#8221;||||||||&#8221; header_3_font_size=&#8221;10px&#8221; global_colors_info=&#8221;{}&#8221;]<\/p>\n<h1 class=\"DUwDvf lfPIob\">Hospital IMED Col\u00f3n<\/h1>\n<p><span style=\"color: #333333;\">Carrer d&#8217;Isabel la Cat\u00f2lica, 12, L&#8217;Eixample, 46004 Val\u00e8ncia, Valencia<\/span><\/p>\n<p>[\/et_pb_text][et_pb_code _builder_version=&#8221;4.16&#8243; _module_preset=&#8221;default&#8221; link_option_url=&#8221;https:\/\/maps.app.goo.gl\/SSPwPdv8JW2y94Zh8&#8243; global_colors_info=&#8221;{}&#8221;]<iframe src=\"https:\/\/www.google.com\/maps\/embed?pb=!1m18!1m12!1m3!1d3080.0133816665725!2d-0.37069769999999996!3d39.4690264!2m3!1f0!2f0!3f0!3m2!1i1024!2i768!4f13.1!3m3!1m2!1s0xd60497899c00653%3A0xbe3eb831ec02210b!2sHospital%20IMED%20Col%C3%B3n!5e0!3m2!1ses!2ses!4v1710160593021!5m2!1ses!2ses\" width=\"600\" height=\"450\" style=\"border:0;\" allowfullscreen=\"\" loading=\"lazy\" referrerpolicy=\"no-referrer-when-downgrade\"><\/iframe>[\/et_pb_code][\/et_pb_column][\/et_pb_row][\/et_pb_section]<\/p>\n","protected":false},"excerpt":{"rendered":"<p>Dr. Burguet &#8220;Caring for you, vertebra by vertebra&#8221;My name is Sara Burguet Girona. After earning my Degree in Medicine and Surgery from the University of Valencia, I chose Hospital La Fe for my residency (MIR) in Orthopedic Surgery and Traumatology. There, I met Dr. Bordon, with whom I completed my training in Spine Surgery, with [&hellip;]<\/p>\n","protected":false},"author":1,"featured_media":0,"parent":0,"menu_order":0,"comment_status":"closed","ping_status":"closed","template":"","meta":{"_et_pb_use_builder":"on","_et_pb_old_content":"","_et_gb_content_width":"","footnotes":""},"class_list":["post-227698","page","type-page","status-publish","hentry"],"yoast_head":"<!-- This site is optimized with the Yoast SEO plugin v27.1.1 - https:\/\/yoast.com\/product\/yoast-seo-wordpress\/ -->\n<title>Dr. Burguet - Dr. Sara Burguet. Spine Surgery<\/title>\n<meta name=\"robots\" content=\"index, follow, max-snippet:-1, max-image-preview:large, max-video-preview:-1\" \/>\n<link rel=\"canonical\" href=\"https:\/\/saraburguet.com\/en\/dr-burguet\/\" \/>\n<meta property=\"og:locale\" content=\"en_US\" \/>\n<meta property=\"og:type\" content=\"article\" \/>\n<meta property=\"og:title\" content=\"Dr. Burguet - Dr. Sara Burguet. Spine Surgery\" \/>\n<meta property=\"og:description\" content=\"Dr. Burguet &quot;Caring for you, vertebra by vertebra&quot;My name is Sara Burguet Girona. After earning my Degree in Medicine and Surgery from the University of Valencia, I chose Hospital La Fe for my residency (MIR) in Orthopedic Surgery and Traumatology. There, I met Dr. Bordon, with whom I completed my training in Spine Surgery, with [&hellip;]\" \/>\n<meta property=\"og:url\" content=\"https:\/\/saraburguet.com\/en\/dr-burguet\/\" \/>\n<meta property=\"og:site_name\" content=\"Dr. Sara Burguet. Spine Surgery\" \/>\n<meta property=\"article:modified_time\" content=\"2026-03-25T14:20:28+00:00\" \/>\n<meta name=\"twitter:card\" content=\"summary_large_image\" \/>\n<meta name=\"twitter:label1\" content=\"Est. reading time\" \/>\n\t<meta name=\"twitter:data1\" content=\"25 minutes\" \/>\n<script type=\"application\/ld+json\" class=\"yoast-schema-graph\">{\"@context\":\"https:\/\/schema.org\",\"@graph\":[{\"@type\":\"WebPage\",\"@id\":\"https:\/\/saraburguet.com\/en\/dr-burguet\/\",\"url\":\"https:\/\/saraburguet.com\/en\/dr-burguet\/\",\"name\":\"Dr. Burguet - Dr. Sara Burguet. Spine Surgery\",\"isPartOf\":{\"@id\":\"https:\/\/saraburguet.com\/en\/#website\"},\"datePublished\":\"2021-03-10T15:06:50+00:00\",\"dateModified\":\"2026-03-25T14:20:28+00:00\",\"breadcrumb\":{\"@id\":\"https:\/\/saraburguet.com\/en\/dr-burguet\/#breadcrumb\"},\"inLanguage\":\"en-US\",\"potentialAction\":[{\"@type\":\"ReadAction\",\"target\":[\"https:\/\/saraburguet.com\/en\/dr-burguet\/\"]}]},{\"@type\":\"BreadcrumbList\",\"@id\":\"https:\/\/saraburguet.com\/en\/dr-burguet\/#breadcrumb\",\"itemListElement\":[{\"@type\":\"ListItem\",\"position\":1,\"name\":\"Home\",\"item\":\"https:\/\/saraburguet.com\/en\/home\/\"},{\"@type\":\"ListItem\",\"position\":2,\"name\":\"Dr. Burguet\"}]},{\"@type\":\"WebSite\",\"@id\":\"https:\/\/saraburguet.com\/en\/#website\",\"url\":\"https:\/\/saraburguet.com\/en\/\",\"name\":\"Dra. Sara Burguet. Cirug\u00eda de columna\",\"description\":\"Minimally Invasive Surgery\",\"publisher\":{\"@id\":\"https:\/\/saraburguet.com\/en\/#\/schema\/person\/e44a1944f6b3cc5494e6aa6a28a23ed2\"},\"potentialAction\":[{\"@type\":\"SearchAction\",\"target\":{\"@type\":\"EntryPoint\",\"urlTemplate\":\"https:\/\/saraburguet.com\/en\/?s={search_term_string}\"},\"query-input\":{\"@type\":\"PropertyValueSpecification\",\"valueRequired\":true,\"valueName\":\"search_term_string\"}}],\"inLanguage\":\"en-US\"},{\"@type\":[\"Person\",\"Organization\"],\"@id\":\"https:\/\/saraburguet.com\/en\/#\/schema\/person\/e44a1944f6b3cc5494e6aa6a28a23ed2\",\"name\":\"admin\",\"logo\":{\"@id\":\"https:\/\/saraburguet.com\/en\/#\/schema\/person\/image\/\"},\"sameAs\":[\"http:\/\/saraburguet.com\"]}]}<\/script>\n<!-- \/ Yoast SEO plugin. -->","yoast_head_json":{"title":"Dr. Burguet - Dr. Sara Burguet. Spine Surgery","robots":{"index":"index","follow":"follow","max-snippet":"max-snippet:-1","max-image-preview":"max-image-preview:large","max-video-preview":"max-video-preview:-1"},"canonical":"https:\/\/saraburguet.com\/en\/dr-burguet\/","og_locale":"en_US","og_type":"article","og_title":"Dr. Burguet - Dr. Sara Burguet. Spine Surgery","og_description":"Dr. Burguet \"Caring for you, vertebra by vertebra\"My name is Sara Burguet Girona. After earning my Degree in Medicine and Surgery from the University of Valencia, I chose Hospital La Fe for my residency (MIR) in Orthopedic Surgery and Traumatology. There, I met Dr. Bordon, with whom I completed my training in Spine Surgery, with [&hellip;]","og_url":"https:\/\/saraburguet.com\/en\/dr-burguet\/","og_site_name":"Dr. Sara Burguet. Spine Surgery","article_modified_time":"2026-03-25T14:20:28+00:00","twitter_card":"summary_large_image","twitter_misc":{"Est. reading time":"25 minutes"},"schema":{"@context":"https:\/\/schema.org","@graph":[{"@type":"WebPage","@id":"https:\/\/saraburguet.com\/en\/dr-burguet\/","url":"https:\/\/saraburguet.com\/en\/dr-burguet\/","name":"Dr. Burguet - Dr. Sara Burguet. Spine Surgery","isPartOf":{"@id":"https:\/\/saraburguet.com\/en\/#website"},"datePublished":"2021-03-10T15:06:50+00:00","dateModified":"2026-03-25T14:20:28+00:00","breadcrumb":{"@id":"https:\/\/saraburguet.com\/en\/dr-burguet\/#breadcrumb"},"inLanguage":"en-US","potentialAction":[{"@type":"ReadAction","target":["https:\/\/saraburguet.com\/en\/dr-burguet\/"]}]},{"@type":"BreadcrumbList","@id":"https:\/\/saraburguet.com\/en\/dr-burguet\/#breadcrumb","itemListElement":[{"@type":"ListItem","position":1,"name":"Home","item":"https:\/\/saraburguet.com\/en\/home\/"},{"@type":"ListItem","position":2,"name":"Dr. Burguet"}]},{"@type":"WebSite","@id":"https:\/\/saraburguet.com\/en\/#website","url":"https:\/\/saraburguet.com\/en\/","name":"Dra. Sara Burguet. Cirug\u00eda de columna","description":"Minimally Invasive Surgery","publisher":{"@id":"https:\/\/saraburguet.com\/en\/#\/schema\/person\/e44a1944f6b3cc5494e6aa6a28a23ed2"},"potentialAction":[{"@type":"SearchAction","target":{"@type":"EntryPoint","urlTemplate":"https:\/\/saraburguet.com\/en\/?s={search_term_string}"},"query-input":{"@type":"PropertyValueSpecification","valueRequired":true,"valueName":"search_term_string"}}],"inLanguage":"en-US"},{"@type":["Person","Organization"],"@id":"https:\/\/saraburguet.com\/en\/#\/schema\/person\/e44a1944f6b3cc5494e6aa6a28a23ed2","name":"admin","logo":{"@id":"https:\/\/saraburguet.com\/en\/#\/schema\/person\/image\/"},"sameAs":["http:\/\/saraburguet.com"]}]}},"jetpack_sharing_enabled":true,"_links":{"self":[{"href":"https:\/\/saraburguet.com\/en\/wp-json\/wp\/v2\/pages\/227698","targetHints":{"allow":["GET"]}}],"collection":[{"href":"https:\/\/saraburguet.com\/en\/wp-json\/wp\/v2\/pages"}],"about":[{"href":"https:\/\/saraburguet.com\/en\/wp-json\/wp\/v2\/types\/page"}],"author":[{"embeddable":true,"href":"https:\/\/saraburguet.com\/en\/wp-json\/wp\/v2\/users\/1"}],"replies":[{"embeddable":true,"href":"https:\/\/saraburguet.com\/en\/wp-json\/wp\/v2\/comments?post=227698"}],"version-history":[{"count":9,"href":"https:\/\/saraburguet.com\/en\/wp-json\/wp\/v2\/pages\/227698\/revisions"}],"predecessor-version":[{"id":228067,"href":"https:\/\/saraburguet.com\/en\/wp-json\/wp\/v2\/pages\/227698\/revisions\/228067"}],"wp:attachment":[{"href":"https:\/\/saraburguet.com\/en\/wp-json\/wp\/v2\/media?parent=227698"}],"curies":[{"name":"wp","href":"https:\/\/api.w.org\/{rel}","templated":true}]}}